{"id":17,"date":"2024-04-13T11:31:24","date_gmt":"2024-04-13T16:31:24","guid":{"rendered":"http:\/\/test.boomerang.pe\/intercambio\/?page_id=17"},"modified":"2024-04-23T20:49:24","modified_gmt":"2024-04-24T01:49:24","slug":"nosotros","status":"publish","type":"page","link":"http:\/\/test.boomerang.pe\/intercambio\/nosotros\/","title":{"rendered":"Nosotros"},"content":{"rendered":"\n<p>Intercambio es la revista de cultura social de la Compa\u00f1\u00eda de Jes\u00fas en el Per\u00fa. Se trata de una publicaci\u00f3n trimestral que busca promover la reflexi\u00f3n y el di\u00e1logo en torno a los temas que marcan la vida social del pa\u00eds, desde la perspectiva de la experiencia cristiana. En este sentido, no se restringe a ning\u00fan \u00e1mbito social particular, sino que busca abordar las cuestiones relevantes de nuestra convivencia con una mirada integral del ser humano y, consecuentemente, con un enfoque interdisciplinar.<\/p>\n\n\n\n<p>Intercambio naci\u00f3 en 2007 como un bolet\u00edn elaborado por la coordinaci\u00f3n de las obras sociales jesuitas, con el prop\u00f3sito de mejorar la comunicaci\u00f3n entre ellas, fomentar la colaboraci\u00f3n y promover la puesta en com\u00fan de experiencias significativas, sin prever una periodicidad espec\u00edfica. En 2009, con la publicaci\u00f3n de su octava edici\u00f3n, Intercambio adquiere oficialmente el estatus de revista, introduciendo la publicaci\u00f3n de art\u00edculos de an\u00e1lisis social, econ\u00f3mico y pol\u00edtico, orientados a la formaci\u00f3n de los colaboradores de las obras sociales. Posteriormente, en la d\u00e9cima edici\u00f3n, se conforma su primer consejo editorial, integrado por profesionales y acad\u00e9micos jesuitas o cercanos a la Compa\u00f1\u00eda de Jes\u00fas.<\/p>\n\n\n\n<p>En 2024 y luego de una revisi\u00f3n profunda de sus objetivos, nuestra revista adopta un nuevo giro. En adelante, ampl\u00eda su espectro tem\u00e1tico abriendo sus p\u00e1ginas a cualquier aspecto de la cultura que tenga relevancia en la convivencia social. De all\u00ed el concepto de \u201ccultura social\u201d que anima ahora a la revista. Y con ello, Intercambio deja de ser una publicaci\u00f3n dirigida exclusivamente a las obras sociales, para abrirse a todo el p\u00fablico interesado en el di\u00e1logo entre cultura, sociedad y fe cristiana.<\/p>\n","protected":false},"excerpt":{"rendered":"<p>Intercambio es la revista de cultura social de la Compa\u00f1\u00eda de Jes\u00fas en el Per\u00fa. Se trata de una publicaci\u00f3n trimestral que busca promover la reflexi\u00f3n y el di\u00e1logo en torno a los temas que marcan la vida social del pa\u00eds, desde la perspectiva de la experiencia cristiana. En este sentido, no se restringe a [&hellip;]<\/p>\n","protected":false},"author":1,"featured_media":62,"parent":0,"menu_order":0,"comment_status":"closed","ping_status":"closed","template":"","meta":{"_acf_changed":false,"footnotes":""},"class_list":["post-17","page","type-page","status-publish","has-post-thumbnail","hentry"],"acf":[],"post_mailing_queue_ids":[],"_links":{"self":[{"href":"http:\/\/test.boomerang.pe\/intercambio\/wp-json\/wp\/v2\/pages\/17","targetHints":{"allow":["GET"]}}],"collection":[{"href":"http:\/\/test.boomerang.pe\/intercambio\/wp-json\/wp\/v2\/pages"}],"about":[{"href":"http:\/\/test.boomerang.pe\/intercambio\/wp-json\/wp\/v2\/types\/page"}],"author":[{"embeddable":true,"href":"http:\/\/test.boomerang.pe\/intercambio\/wp-json\/wp\/v2\/users\/1"}],"replies":[{"embeddable":true,"href":"http:\/\/test.boomerang.pe\/intercambio\/wp-json\/wp\/v2\/comments?post=17"}],"version-history":[{"count":14,"href":"http:\/\/test.boomerang.pe\/intercambio\/wp-json\/wp\/v2\/pages\/17\/revisions"}],"predecessor-version":[{"id":2259,"href":"http:\/\/test.boomerang.pe\/intercambio\/wp-json\/wp\/v2\/pages\/17\/revisions\/2259"}],"wp:featuredmedia":[{"embeddable":true,"href":"http:\/\/test.boomerang.pe\/intercambio\/wp-json\/wp\/v2\/media\/62"}],"wp:attachment":[{"href":"http:\/\/test.boomerang.pe\/intercambio\/wp-json\/wp\/v2\/media?parent=17"}],"curies":[{"name":"wp","href":"https:\/\/api.w.org\/{rel}","templated":true}]}}