{"id":1143,"date":"2024-12-12T11:22:17","date_gmt":"2024-12-12T16:22:17","guid":{"rendered":"http:\/\/test.boomerang.pe\/museo\/?post_type=historias&#038;p=1143"},"modified":"2024-12-12T11:39:07","modified_gmt":"2024-12-12T16:39:07","slug":"colegio-nacional-alfonso-ugarte","status":"publish","type":"historias","link":"http:\/\/test.boomerang.pe\/museo\/historias\/colegio-nacional-alfonso-ugarte\/","title":{"rendered":"Colegio Nacional Alfonso Ugarte"},"content":{"rendered":"\n<p>La creaci\u00f3n del Colegio Nacional Alfonso Ugarte tiene sus ra\u00edces en la Escuela Normal de Varones y el Colegio Nacional de Aplicaci\u00f3n, este \u00faltimo anexado a la Escuela durante la reforma educativa del 2 de julio de 1927. Ambos funcionaban en la casona de Chacarillas, ubicada en la avenida Abancay. Sin embargo, tras el derrocamiento del presidente Augusto B. Legu\u00eda en agosto de 1930, ambas instituciones fueron clausuradas. A partir de agosto de 1933, el Instituto Nacional de Segunda Ense\u00f1anza comenz\u00f3 a operar en el mismo local, y dos a\u00f1os despu\u00e9s se cre\u00f3 el primer centro educativo secundario nocturno en dicho lugar.<\/p>\n\n\n\n<p>El 17 de julio de 1937, mediante el Decreto Supremo 573, ces\u00f3 el Instituto Nacional de Segunda Ense\u00f1anza y en su lugar se fund\u00f3 el Colegio Nacional Alfonso Ugarte, que continu\u00f3 funcionando en la casona de Chacarillas bajo la direcci\u00f3n de Antonio Tapia Freses. En 1939, Alberto Rivera y Pi\u00e9rola asumi\u00f3 la direcci\u00f3n del colegio por once a\u00f1os, periodo en el que se contrat\u00f3 a destacados docentes y el colegio comenz\u00f3 a destacar en campeonatos atl\u00e9ticos, esforz\u00e1ndose por alcanzar la excelencia escolar comparable a la de instituciones como el Colegio Guadalupe.<\/p>\n\n\n<div class=\"wp-block-image\">\n<figure class=\"aligncenter size-full\"><img loading=\"lazy\" decoding=\"async\" width=\"720\" height=\"383\" src=\"http:\/\/test.boomerang.pe\/museo\/wp-content\/uploads\/2024\/12\/1.jpg\" alt=\"\" class=\"wp-image-1199\" srcset=\"http:\/\/test.boomerang.pe\/museo\/wp-content\/uploads\/2024\/12\/1.jpg 720w, http:\/\/test.boomerang.pe\/museo\/wp-content\/uploads\/2024\/12\/1-300x160.jpg 300w\" sizes=\"auto, (max-width: 720px) 100vw, 720px\" \/><figcaption class=\"wp-element-caption\"><a href=\"https:\/\/www.facebook.com\/photo\/?fbid=7611798038901126&amp;set=g.669224027517927\" data-type=\"link\" data-id=\"https:\/\/www.facebook.com\/photo\/?fbid=7611798038901126&amp;set=g.669224027517927\">Antigua fachada del colegio Alfonso Ugarte. Sin fecha. Portal de ex alumnos ugartinos en Facebook<\/a><\/figcaption><\/figure><\/div>\n\n\n<p>Durante el gobierno de Manuel Odr\u00eda, se planific\u00f3 la construcci\u00f3n de un nuevo Ministerio de Educaci\u00f3n en los per\u00edmetros del Parque Universitario, lo que oblig\u00f3 al traslado del Colegio Alfonso Ugarte. Al mismo tiempo, el ministro de Educaci\u00f3n inici\u00f3 la creaci\u00f3n de las Grandes Unidades Escolares, destinadas a construir colegios con bibliotecas, campos deportivos y laboratorios. Mediante la resoluci\u00f3n del 26 de diciembre de 1951, el Estado obtuvo 58,158.2 metros cuadrados en el distrito de San Isidro para la construcci\u00f3n del nuevo local de la instituci\u00f3n.<\/p>\n\n\n\n<p>El Ministerio de Educaci\u00f3n cre\u00f3 el 15 de marzo de 1951 el Instituto Nacional de Comercio N\u00b0 23, que fue anexado al Colegio Nacional Alfonso Ugarte para capacitar a la poblaci\u00f3n en estudios t\u00e9cnicos. La instituci\u00f3n reinici\u00f3 sus actividades en 1952 y cambi\u00f3 temporalmente su nombre a August\u00edn Guti\u00e9rrez, aunque este cambio fue revertido en 1957 debido a las demandas de los alumnos, volviendo oficialmente al nombre de Alfonso Ugarte. Ese mismo a\u00f1o, cuando se inaugur\u00f3 el nuevo local, se incorpor\u00f3 a la instituci\u00f3n la Escuela Primaria N\u00b0 396, que hab\u00eda funcionado desde 1905, asign\u00e1ndole un pabell\u00f3n en el colegio.<\/p>\n\n\n\n<p>En 1965 se inaugur\u00f3 un nuevo pabell\u00f3n con 10 aulas adicionales. Ese mismo a\u00f1o, el club de periodismo del colegio comenz\u00f3 a publicar el informativo escolar \u00abEl Ugartino\u00bb. Durante la gesti\u00f3n de Julio Ruiz Mu\u00f1oz como director, se gestion\u00f3 la construcci\u00f3n de una piscina escolar, financiada con el apoyo de la Asociaci\u00f3n de Padres de Familia, la cual fue inaugurada el 4 de julio de 1970 con el ministro de Educaci\u00f3n como padrino. La d\u00e9cada de 1970 fue importante, ya que se ampli\u00f3 la oferta educativa para incluir a mujeres durante el turno nocturno.<\/p>\n\n\n<div class=\"wp-block-image\">\n<figure class=\"aligncenter size-large\"><img loading=\"lazy\" decoding=\"async\" width=\"768\" height=\"1024\" src=\"http:\/\/test.boomerang.pe\/museo\/wp-content\/uploads\/2024\/12\/2-1-768x1024.jpg\" alt=\"\" class=\"wp-image-1210\" srcset=\"http:\/\/test.boomerang.pe\/museo\/wp-content\/uploads\/2024\/12\/2-1-768x1024.jpg 768w, http:\/\/test.boomerang.pe\/museo\/wp-content\/uploads\/2024\/12\/2-1-225x300.jpg 225w, http:\/\/test.boomerang.pe\/museo\/wp-content\/uploads\/2024\/12\/2-1-1152x1536.jpg 1152w, http:\/\/test.boomerang.pe\/museo\/wp-content\/uploads\/2024\/12\/2-1.jpg 1536w\" sizes=\"auto, (max-width: 768px) 100vw, 768px\" \/><figcaption class=\"wp-element-caption\"><a href=\"https:\/\/www.facebook.com\/photo\/?fbid=10228889284329813&amp;set=g.669224027517927\" data-type=\"link\" data-id=\"https:\/\/www.facebook.com\/photo\/?fbid=10228889284329813&amp;set=g.669224027517927\">Portada del Informativo del club de periodismo El Ugartino. Portal de ex alumnos ugartinos en Facebook. <\/a><br><\/figcaption><\/figure><\/div>\n\n\n<p>En 1974 comenz\u00f3 la construcci\u00f3n del gimnasio del colegio, el cual fue finalizado en 1982, contando con una cancha de b\u00e1squet, un \u00e1rea de m\u00e1quinas, camarines, ba\u00f1os y duchas. Desde la d\u00e9cada de 1940, los estudiantes del Alfonso Ugarte han participado activamente en campeonatos interescolares de atletismo, f\u00fatbol, b\u00e1squet y nataci\u00f3n, compitiendo contra otros colegios nacionales como el Guadalupe, Dos de Mayo, Jos\u00e9 Granda y Pedro Labarthe.<\/p>\n\n\n\n<p>En marzo de 2010, el Gobierno del presidente Alan Garc\u00eda estuvo presente durante el inicio de las obras para la remodelaci\u00f3n del Alfonso Ugarte, en el marco del Programa Nacional de Recuperaci\u00f3n de las Instituciones Educativas P\u00fablicas Emblem\u00e1ticas y Centenarias. Este proyecto se desarroll\u00f3 en tres etapas hasta el a\u00f1o 2011 e incluy\u00f3 la construcci\u00f3n de un teatro, una sala de cine, un complejo deportivo con canchas de c\u00e9sped sint\u00e9tico, una pista atl\u00e9tica de ocho carriles, una piscina semiol\u00edmpica y un moderno gimnasio. Adem\u00e1s, se incluy\u00f3 una cafeter\u00eda, t\u00f3pico y un ambiente de asistencia m\u00e9dica, entre otros.<\/p>\n\n\n<div class=\"wp-block-image\">\n<figure class=\"aligncenter size-large\"><img loading=\"lazy\" decoding=\"async\" width=\"1024\" height=\"746\" src=\"http:\/\/test.boomerang.pe\/museo\/wp-content\/uploads\/2024\/12\/alan-garcia-8-1024x746.jpg\" alt=\"\" class=\"wp-image-1211\" srcset=\"http:\/\/test.boomerang.pe\/museo\/wp-content\/uploads\/2024\/12\/alan-garcia-8-1024x746.jpg 1024w, http:\/\/test.boomerang.pe\/museo\/wp-content\/uploads\/2024\/12\/alan-garcia-8-300x219.jpg 300w, http:\/\/test.boomerang.pe\/museo\/wp-content\/uploads\/2024\/12\/alan-garcia-8-768x560.jpg 768w, http:\/\/test.boomerang.pe\/museo\/wp-content\/uploads\/2024\/12\/alan-garcia-8-1536x1120.jpg 1536w, http:\/\/test.boomerang.pe\/museo\/wp-content\/uploads\/2024\/12\/alan-garcia-8.jpg 1800w\" sizes=\"auto, (max-width: 1024px) 100vw, 1024px\" \/><figcaption class=\"wp-element-caption\"><a href=\"https:\/\/andina.pe\/agencia\/noticia-presidente-alan-garcia-inaugura-emblematico-colegio-alfonso-ugarte-286891.aspx\" data-type=\"link\" data-id=\"https:\/\/andina.pe\/agencia\/noticia-presidente-alan-garcia-inaugura-emblematico-colegio-alfonso-ugarte-286891.aspx\">Agencia Peruana de Noticias Andina (24-04-210). <em>Presiendete Alan Garc\u00eda inaugura emblem\u00e1tico colegio Alfonso Ugarte<\/em><\/a><\/figcaption><\/figure><\/div>\n\n\n<p>Actualmente, el n\u00famero de estudiantes, tanto varones como mujeres, es de aproximadamente 1800, distribuidos en los niveles de inicial, primaria y secundaria. La asociaci\u00f3n de exalumnos ugartinos, fundada en 1940, sigue activa hasta hoy. El Colegio Nacional Alfonso Ugarte se ha consolidado como un referente de la educaci\u00f3n peruana, combinando tradici\u00f3n y modernidad en la formaci\u00f3n integral de sus estudiantes.<\/p>\n\n\n<div class=\"wp-block-image\">\n<figure class=\"aligncenter size-full\"><img loading=\"lazy\" decoding=\"async\" width=\"986\" height=\"638\" src=\"http:\/\/test.boomerang.pe\/museo\/wp-content\/uploads\/2024\/12\/3.a.jpg\" alt=\"\" class=\"wp-image-1201\" srcset=\"http:\/\/test.boomerang.pe\/museo\/wp-content\/uploads\/2024\/12\/3.a.jpg 986w, http:\/\/test.boomerang.pe\/museo\/wp-content\/uploads\/2024\/12\/3.a-300x194.jpg 300w, http:\/\/test.boomerang.pe\/museo\/wp-content\/uploads\/2024\/12\/3.a-768x497.jpg 768w\" sizes=\"auto, (max-width: 986px) 100vw, 986px\" \/><\/figure><\/div>\n\n<div class=\"wp-block-image\">\n<figure class=\"aligncenter size-full\"><img loading=\"lazy\" decoding=\"async\" width=\"859\" height=\"722\" src=\"http:\/\/test.boomerang.pe\/museo\/wp-content\/uploads\/2024\/12\/3.c-1.jpg\" alt=\"\" class=\"wp-image-1208\" srcset=\"http:\/\/test.boomerang.pe\/museo\/wp-content\/uploads\/2024\/12\/3.c-1.jpg 859w, http:\/\/test.boomerang.pe\/museo\/wp-content\/uploads\/2024\/12\/3.c-1-300x252.jpg 300w, http:\/\/test.boomerang.pe\/museo\/wp-content\/uploads\/2024\/12\/3.c-1-768x646.jpg 768w\" sizes=\"auto, (max-width: 859px) 100vw, 859px\" \/><\/figure><\/div>\n\n\n<figure class=\"wp-block-image size-large\"><img loading=\"lazy\" decoding=\"async\" width=\"1024\" height=\"579\" src=\"http:\/\/test.boomerang.pe\/museo\/wp-content\/uploads\/2024\/12\/3.d-1-1024x579.jpg\" alt=\"\" class=\"wp-image-1209\" srcset=\"http:\/\/test.boomerang.pe\/museo\/wp-content\/uploads\/2024\/12\/3.d-1-1024x579.jpg 1024w, http:\/\/test.boomerang.pe\/museo\/wp-content\/uploads\/2024\/12\/3.d-1-300x170.jpg 300w, http:\/\/test.boomerang.pe\/museo\/wp-content\/uploads\/2024\/12\/3.d-1-768x435.jpg 768w, http:\/\/test.boomerang.pe\/museo\/wp-content\/uploads\/2024\/12\/3.d-1.jpg 1094w\" sizes=\"auto, (max-width: 1024px) 100vw, 1024px\" \/><figcaption class=\"wp-element-caption\">Campeonatos interescolares en diferentes a\u00f1os. En <em>Historial del colegio Alfonso Ugarte, 1937-2008<\/em>.<\/figcaption><\/figure>\n\n\n\n<h2 class=\"wp-block-heading\">Fuentes<\/h2>\n\n\n\n<ul class=\"wp-block-list\">\n<li>Peirano, M. (2008). <em>Historial del colegio Alfonso Ugarte, 1937-2008<\/em>. (s.n).<br><\/li>\n<\/ul>\n\n\n\n<p><\/p>\n\n\n\n<p><\/p>\n","protected":false},"excerpt":{"rendered":"<p>La creaci\u00f3n del Colegio Nacional Alfonso Ugarte tiene sus ra\u00edces en la Escuela Normal de Varones y el Colegio Nacional de Aplicaci\u00f3n, este \u00faltimo anexado a la Escuela durante la reforma educativa del 2 de julio de 1927. Ambos funcionaban en la casona de Chacarillas, ubicada en la avenida Abancay. Sin embargo, tras el derrocamiento[&#8230;]<\/p>\n","protected":false},"featured_media":1222,"template":"","class_list":["post-1143","historias","type-historias","status-publish","has-post-thumbnail","hentry"],"_links":{"self":[{"href":"http:\/\/test.boomerang.pe\/museo\/wp-json\/wp\/v2\/historias\/1143","targetHints":{"allow":["GET"]}}],"collection":[{"href":"http:\/\/test.boomerang.pe\/museo\/wp-json\/wp\/v2\/historias"}],"about":[{"href":"http:\/\/test.boomerang.pe\/museo\/wp-json\/wp\/v2\/types\/historias"}],"wp:featuredmedia":[{"embeddable":true,"href":"http:\/\/test.boomerang.pe\/museo\/wp-json\/wp\/v2\/media\/1222"}],"wp:attachment":[{"href":"http:\/\/test.boomerang.pe\/museo\/wp-json\/wp\/v2\/media?parent=1143"}],"curies":[{"name":"wp","href":"https:\/\/api.w.org\/{rel}","templated":true}]}}