{"id":1233,"date":"2024-12-12T11:24:56","date_gmt":"2024-12-12T16:24:56","guid":{"rendered":"http:\/\/test.boomerang.pe\/museo\/?post_type=historias&#038;p=1233"},"modified":"2024-12-12T11:34:21","modified_gmt":"2024-12-12T16:34:21","slug":"colegio-la-inmaculada-concepcion","status":"publish","type":"historias","link":"http:\/\/test.boomerang.pe\/museo\/historias\/colegio-la-inmaculada-concepcion\/","title":{"rendered":"Colegio La Inmaculada Concepci\u00f3n"},"content":{"rendered":"\n<p>Para comprender la historia de este colegio, es fundamental reconocer su estrecha vinculaci\u00f3n con las Religiosas Franciscanas de la Inmaculada Concepci\u00f3n. Despu\u00e9s de la guerra con Chile, el padre Alfonso Mar\u00eda De la Cruz Sardinas, del convento de Los Descalzos, hizo un voto a la Virgen Mar\u00eda Inmaculada de fundar una congregaci\u00f3n dedicada a la educaci\u00f3n de ni\u00f1os pobres. En busca de asesoramiento, acudi\u00f3 al padre Miguel Ferriol, director espiritual de Carmen \u00c1lvarez, una joven que desempe\u00f1ar\u00eda un papel fundamental en la fundaci\u00f3n del colegio. Junto a Rebeca Valdivia, Carmen se comprometi\u00f3 con las labores educativas lideradas por el padre Alfonso.<\/p>\n\n\n\n<p>El gobierno del General Miguel Iglesias concedi\u00f3 al padre Alfonso el uso del local del beaterio Las Recogidas, actualmente la Escuela Nacional de Bellas Artes, que durante la guerra hab\u00eda servido como cuartel. Tras acondicionar el espacio, se convirti\u00f3 en la residencia de la congregaci\u00f3n, que se fund\u00f3 el 6 de diciembre de 1883. La misa de inauguraci\u00f3n del colegio para ni\u00f1as se celebr\u00f3 el 2 de marzo de 1884, con Carmen \u00c1lvarez asumiendola direcci\u00f3n del colegio. En 1889, Carmen decidi\u00f3 tomar el h\u00e1bito franciscano y adopt\u00f3 el nombre de hermana Clara Coraz\u00f3n de Mar\u00eda. Sin embargo, en 1918, el Estado exigi\u00f3 la devoluci\u00f3n del local de San Ildefonso para la Escuela de Bellas Artes, obligando a la congregaci\u00f3n a abandonar su residencia en diciembre de ese mismo a\u00f1o. La hermana Clara, junto con los padres de familia, emprendi\u00f3 la b\u00fasqueda de un lugar m\u00e1s amplio, y en 1918 el colegio se traslad\u00f3 al jir\u00f3n Amazonas, donde se encontraba el beaterio de Santa Rosa de Viterbo.<\/p>\n\n\n<div class=\"wp-block-image\">\n<figure class=\"aligncenter is-resized\"><img decoding=\"async\" src=\"https:\/\/lh7-rt.googleusercontent.com\/docsz\/AD_4nXcmL5We6R660lw_mbYifpx9YDD56ahoxG1Tqvt1C3uSuaRu40H6rAfHnx_7Us5wugqFMX-rXnmVYAGktZAg1DLk5bI1cW1H1WuhP15EU4Kiv33jbDt_Wdz1L22rfeibissE4VJoSuSXBnVaYMYoCUD2cc0K?key=2JWcIalFOc5YZYgsgylYfg\" alt=\"\" style=\"width:286px;height:auto\"\/><figcaption class=\"wp-element-caption\"><a href=\"https:\/\/congregacionficperu.com\/la-congregacion\/nuestra-historia\/\">Fachada del primer local del colegio La Inmaculada Concepci\u00f3n. Sin fecha.\u00a0<\/a><br><\/figcaption><\/figure><\/div>\n\n<div class=\"wp-block-image\">\n<figure class=\"aligncenter is-resized\"><img decoding=\"async\" src=\"https:\/\/lh7-rt.googleusercontent.com\/docsz\/AD_4nXfpqaUMkqDZ0tsePlxDBhUDV-2NbE3-_40oecBEvNuJ4R-j-KfbUqpgg7iC5jaumwhrja5RPz0SHzs08ks2T0gAY12E0hdl56fuNO0LQqL7p1IQg4fBF8cLQxZTKeXafHoO3iRkVW1QxZsh_jI5ERx9xgNW?key=2JWcIalFOc5YZYgsgylYfg\" alt=\"\" style=\"width:444px;height:auto\"\/><figcaption class=\"wp-element-caption\"><a href=\"https:\/\/congregacionficperu.com\/la-congregacion\/nuestra-historia\/\">Hermana Clara del Coraz\u00f3n de Mar\u00eda junto a las primeras religiosas de la congregaci\u00f3n. Sin fecha.\u00a0<\/a><br><\/figcaption><\/figure><\/div>\n\n\n<p>En abril de 1927, el Consejo Nacional autoriz\u00f3 la implementaci\u00f3n de los primeros tres a\u00f1os de secundaria, y en 1929 se permiti\u00f3 la ampliaci\u00f3n a cuarto y quinto. Ese mismo a\u00f1o, la Resoluci\u00f3n Ministerial N\u00b0 8252 ratific\u00f3 oficialmente el funcionamiento de los niveles de primaria y secundaria, as\u00ed como su expansi\u00f3n a la secci\u00f3n comercial. A lo largo de los a\u00f1os, diferentes madres asumieron la direcci\u00f3n, y el colegio continu\u00f3 creciendo y fortaleci\u00e9ndose. Las alumnas participaban en clubes de arte, m\u00fasica y ciencias, y ofrec\u00edan presentaciones a ni\u00f1as de escasos recursos.<\/p>\n\n\n\n<p>La creciente urbanizaci\u00f3n de Lima convirti\u00f3 el jir\u00f3n Amazonas en una zona comercial, por lo que las hermanas decidieron buscar un nuevo local para el colegio. Para recaudar fondos, organizaron kermesses, t\u00f3mbolas, confeccionaron uniformes, participaron en actividades municipales y prepararon mu\u00f1ecos de tela y comida. La Asociaci\u00f3n de Padres de Familia tambi\u00e9n contribuy\u00f3, consiguiendo carpetas, mesas, pupitres, m\u00e1quinas de escribir y, posteriormente, computadoras. Finalmente, adquirieron un terreno de 21,661 metros cuadrados en la urbanizaci\u00f3n Higuereta, en el distrito de Surco, con ayuda de un pr\u00e9stamo bancario. La construcci\u00f3n se realiz\u00f3 en varias etapas: el primer pabell\u00f3n se complet\u00f3 en 1966 con financiamiento de la congregaci\u00f3n, y el segundo se termin\u00f3 tres a\u00f1os despu\u00e9s.&nbsp;<\/p>\n\n\n\n<p>Durante el gobierno del general Velasco Alvarado, el plantel funcion\u00f3 en las noches para el Proyecto Per\u00fa, brindando ense\u00f1anza gratuita al p\u00fablico general, y se dictaron cursos t\u00e9cnicos en corte y confecci\u00f3n, jugueter\u00eda y cosmetolog\u00eda. En 1983, con motivo de las bodas de oro, se termin\u00f3 la construcci\u00f3n de la capilla, la cual se inaugur\u00f3 al a\u00f1o siguiente con una misa y una romer\u00eda a la que asistieron m\u00e1s de 500 exalumnas. La misa de celebraci\u00f3n cont\u00f3 con la presencia del alcalde de Lima, Alfonso Barrantes Ling\u00e1n, quien entreg\u00f3 al colegio la Medalla de Lima. En 1991, se implementaron la biblioteca, el laboratorio y la sala de c\u00f3mputo, y en 1998 se inaugur\u00f3 el coliseo cerrado. Para entonces, el colegio contaba con alrededor de 790 alumnas distribuidas en 18 aulas.<\/p>\n\n\n\n<p>En el a\u00f1o 2000, el colegio ampli\u00f3 su oferta educativa con una nueva \u00e1rea dedicada al nivel inicial. Al a\u00f1o siguiente, se construy\u00f3 un \u00e1rea administrativa y se decidi\u00f3 implementar la coeducaci\u00f3n, convirti\u00e9ndose en un colegio mixto. Con el objetivo de mejorar la calidad educativa, en 2011 comenz\u00f3 un proceso de acreditaci\u00f3n internacional. La infraestructura fue renovada, y en 2013 se construy\u00f3 el pabell\u00f3n \u2018La Inmaculada Concepci\u00f3n\u2019, que incluye diez aulas para secundaria, tres laboratorios, y \u00e1reas para arte, m\u00fasica e inform\u00e1tica.<\/p>\n\n\n<div class=\"wp-block-image\">\n<figure class=\"aligncenter is-resized\"><img decoding=\"async\" src=\"https:\/\/lh7-rt.googleusercontent.com\/docsz\/AD_4nXfKOdl5UejsaF5GB-z3XTfp65KjJQsx7SxUz1lSPwDozfONtDBGMfsInOU1LZndkgnlyMWi9K37NKpIh1qNg6JdEnAxKkANBRN1x-fgUQx5r00-So_axeM7B9XAh0Jj7PL6KdVAwl5K8uKtDAcZ87TVJmU?key=2JWcIalFOc5YZYgsgylYfg\" alt=\"\" style=\"width:598px;height:auto\"\/><figcaption class=\"wp-element-caption\"><a href=\"https:\/\/lainmaculadaconcepcion.edu.pe\/\">Colegio La Inmaculada Concepci\u00f3n en la actualidad, en el distrito de Surco.<\/a><br><\/figcaption><\/figure><\/div>\n\n\n<p>El colegio se ha consolidado en un centro de preparaci\u00f3n para ex\u00e1menes internacionales de Cambridge y ha obtenido una certificaci\u00f3n internacional en calidad educativa para los niveles inicial, primaria y secundaria. Adem\u00e1s, ha establecido convenios con la International Business Corporation (IBEC), lo que le permite actuar en rol de evaluador de ex\u00e1menes de Microsoft. De igual forma, ha extendido convenios con la Universidad de Piura. En un esfuerzo por promover el desarrollo integral de sus alumnos, se implement\u00f3 una cancha de tenis para formarlos en este deporte. Actualmente, el colegio La Inmaculada Concepci\u00f3n ofrece una propuesta pedag\u00f3gica humanista y educa a sus estudiantes, tanto varones como mujeres, en los preceptos franciscanos transmitidos por la madre Clara Coraz\u00f3n de Mar\u00eda, fundadora de la congregaci\u00f3n y del colegio.<\/p>\n\n\n\n<h2 class=\"wp-block-heading\">Fuentes<\/h2>\n\n\n\n<ul class=\"wp-block-list\">\n<li>Colegio La Inmaculada Concepci\u00f3n. (2023). <em>Identidad LIC<\/em>. Editorial Palabra.<\/li>\n\n\n\n<li>Kleiber, J. (2017). <em>Historia contempor\u00e1nea de la Iglesia Cat\u00f3lica en el Per\u00fa.<\/em> Fondo Editorial de la PUCP.<br><\/li>\n<\/ul>\n","protected":false},"excerpt":{"rendered":"<p>Para comprender la historia de este colegio, es fundamental reconocer su estrecha vinculaci\u00f3n con las Religiosas Franciscanas de la Inmaculada Concepci\u00f3n. Despu\u00e9s de la guerra con Chile, el padre Alfonso Mar\u00eda De la Cruz Sardinas, del convento de Los Descalzos, hizo un voto a la Virgen Mar\u00eda Inmaculada de fundar una congregaci\u00f3n dedicada a la[&#8230;]<\/p>\n","protected":false},"featured_media":1268,"template":"","class_list":["post-1233","historias","type-historias","status-publish","has-post-thumbnail","hentry"],"_links":{"self":[{"href":"http:\/\/test.boomerang.pe\/museo\/wp-json\/wp\/v2\/historias\/1233","targetHints":{"allow":["GET"]}}],"collection":[{"href":"http:\/\/test.boomerang.pe\/museo\/wp-json\/wp\/v2\/historias"}],"about":[{"href":"http:\/\/test.boomerang.pe\/museo\/wp-json\/wp\/v2\/types\/historias"}],"wp:featuredmedia":[{"embeddable":true,"href":"http:\/\/test.boomerang.pe\/museo\/wp-json\/wp\/v2\/media\/1268"}],"wp:attachment":[{"href":"http:\/\/test.boomerang.pe\/museo\/wp-json\/wp\/v2\/media?parent=1233"}],"curies":[{"name":"wp","href":"https:\/\/api.w.org\/{rel}","templated":true}]}}