{"id":1234,"date":"2024-12-12T11:25:13","date_gmt":"2024-12-12T16:25:13","guid":{"rendered":"http:\/\/test.boomerang.pe\/museo\/?post_type=historias&#038;p=1234"},"modified":"2024-12-12T11:33:46","modified_gmt":"2024-12-12T16:33:46","slug":"colegio-nacional-san-jose","status":"publish","type":"historias","link":"http:\/\/test.boomerang.pe\/museo\/historias\/colegio-nacional-san-jose\/","title":{"rendered":"Colegio Nacional San Jos\u00e9"},"content":{"rendered":"\n<p>Por iniciativa de la Municipalidad de Chiclayo y con el apoyo de la Junta Departamental de La Libertad, se solicit\u00f3 la creaci\u00f3n de un plantel educativo en la ciudad. La resoluci\u00f3n legislativa fue emitida el 22 de diciembre de 1832 en la villa de Chiclayo, y se estableci\u00f3 que su financiamiento provendr\u00eda de las rentas de los conventos suprimidos de Sa\u00f1a. Esta resoluci\u00f3n fue ratificada por el presidente Agust\u00edn Gamarra el 17 de enero de 1833. En diciembre de 1849, el colegio recibi\u00f3 un presupuesto estatal que permiti\u00f3 establecer dos c\u00e1tedras.<\/p>\n\n\n\n<p>Sin embargo, para 1859, el colegio a\u00fan no hab\u00eda comenzado sus actividades. Fue durante el gobierno de Ram\u00f3n Castilla que se destin\u00f3 un presupuesto adicional para adquirir implementos necesarios para los estudiantes y establecer c\u00e1tedras de matem\u00e1ticas, geograf\u00eda, filosof\u00eda e historia, as\u00ed como de lat\u00edn, gram\u00e1tica castellana y religi\u00f3n. En enero de 1863 se asignaron fondos para la refacci\u00f3n del primer claustro en lo que fue el convento de San Francisco, adem\u00e1s de financiar c\u00e1tedras de ingl\u00e9s y franc\u00e9s. As\u00ed, los primeros 20 alumnos del colegio comenzaron sus estudios.<\/p>\n\n\n<div class=\"wp-block-image\">\n<figure class=\"aligncenter is-resized\"><img decoding=\"async\" src=\"https:\/\/lh7-rt.googleusercontent.com\/docsz\/AD_4nXcrktAz3i1K5KOC3OjXlDNyiVW9V5e9w8I1Sauc2LUpPT2xBIrgMVwOScqP_D7w21-y9ovK2zomPXHzSRHqgXEvUP7mrrsXxjjFfEc5RVHToXLkSoHzLkrVYMt9nx3sqRmhMIRu7vXN1q_h8FoYv8rmdTA8?key=l7P3kvwLXZNY83MdYqwiag\" alt=\"\" style=\"width:324px;height:auto\"\/><figcaption class=\"wp-element-caption\"><a href=\"https:\/\/www.facebook.com\/photo\/?fbid=8417734211588917&amp;set=g.107546469384830\">Estudiantes de la promoci\u00f3n de 1964.<\/a><\/figcaption><\/figure><\/div>\n\n\n<p>Durante el levantamiento liderado en Chiclayo por el coronel Jos\u00e9 Balta en 1867, el colegio fue utilizado como cuartel y hospital para los heridos, lo que dej\u00f3 la infraestructura gravemente da\u00f1ada; la puerta fue incendiada y las ventanas destruidas. A finales de 1874, el colegio fue clausurado para ser convertido en una escuela normal y de oficios, un proyecto que finalmente no se concret\u00f3. Sin embargo, el presidente Manuel Pardo lo reabri\u00f3 en 1876 y asign\u00f3 su direcci\u00f3n al alem\u00e1n Carlos Gunter.<\/p>\n\n\n\n<p>La participaci\u00f3n del Per\u00fa en la Guerra del Pac\u00edfico, oblig\u00f3 al colegio a cerrar nuevamente por ocho a\u00f1os, comenzando en 1880 con la llegada del general chileno Lynch a Chiclayo. En 1882, la ocupaci\u00f3n de la ciudad agrav\u00f3 la situaci\u00f3n y el plantel volvi\u00f3 a ser utilizado como cuartel, quedando severamente afectado. No obstante, en 1888, el prefecto del departamento, Jos\u00e9 Antonio Alarco, junto con los doctores Francisco E. Tagle, Jos\u00e9 Rivadeneira y Claudio Ortigas, impulsaron la reconstrucci\u00f3n del colegio, que reabri\u00f3 bajo la direcci\u00f3n del Dr. Tagle.<\/p>\n\n\n<div class=\"wp-block-image\">\n<figure class=\"aligncenter is-resized\"><img decoding=\"async\" src=\"https:\/\/lh7-rt.googleusercontent.com\/docsz\/AD_4nXeWGaQLf3GGwGGX3Ne0Kgq3vdEN0cwuVYBlPB0nGrdwTXVrhAncMgi19d56cJbcoKLbYSoEYHeJNN73QNI0YMAaVFnqa2d9Gv-pwe5sqkXPKzKG1WSrkrh3cn9aL8eRhMc5Kqgs_fvdnLdKID33zLKZVcb5?key=l7P3kvwLXZNY83MdYqwiag\" alt=\"\" style=\"width:557px;height:auto\"\/><figcaption class=\"wp-element-caption\"><a href=\"https:\/\/www.facebook.com\/photo\/?fbid=8407429835952688&amp;set=g.107546469384830\">Promoci\u00f3n 1964 en la fachada del colegio.<\/a><\/figcaption><\/figure><\/div>\n\n\n<p>Durante la guerra civil de 1894, el colegio cerr\u00f3 temporalmente. Para el inicio del siglo XX, contaba con 53 alumnos. Durante el conflicto con Ecuador en 1910, el plantel ya ten\u00eda 145 estudiantes, algunos de los cuales participaron en el enfrentamiento. En 1923, se matricularon por primera vez ocho ni\u00f1as en primero y segundo de secundaria.<\/p>\n\n\n\n<p>Para esa \u00e9poca, la infraestructura del colegio, ubicada en el antiguo Convento San Francisco, requer\u00eda mejoras significativas. Gracias a una importante donaci\u00f3n de la se\u00f1ora Victoria viuda de Dall\u2019Orso, se inici\u00f3 la construcci\u00f3n de un nuevo local. La primera piedra fue colocada el 10 de abril de 1935, en una ceremonia que cont\u00f3 con la presencia del presidente \u00d3scar R. Benavides. La construcci\u00f3n, que se realiz\u00f3 en un \u00e1rea de 254,893 metros cuadrados, dur\u00f3 cinco a\u00f1os y fue inaugurada el 13 de diciembre de 1944, con la asistencia del presidente Manuel Prado. Para entonces, la instituci\u00f3n ya contaba con m\u00e1s de 1000 estudiantes.<\/p>\n\n\n\n<p>Hoy en d\u00eda, la Instituci\u00f3n Educativa Emblem\u00e1tica San Jos\u00e9 de Chiclayo se erige como el colegio m\u00e1s grande del Per\u00fa, ocupando un \u00e1rea de 25 hect\u00e1reas. Cuenta con seis pabellones, m\u00e1s de 80 aulas, patios recreativos amplios, una biblioteca, sala de banda, auditorio, salas de c\u00f3mputo, \u00e1reas deportivas, coliseo y una piscina. A lo largo de su historia, la Instituci\u00f3n Educativa San Jos\u00e9 de Chiclayo ha demostrado ser un basti\u00f3n de la educaci\u00f3n en el norte del pa\u00eds. Desde sus inicios, hasta convertirse en la instituci\u00f3n educativa m\u00e1s grande del Per\u00fa, el colegio ha atravesado numerosos desaf\u00edos, incluidas guerras y crisis pol\u00edticas. Sin embargo, ha destacado por su capacidad de adaptaci\u00f3n y su compromiso con la educaci\u00f3n&nbsp; de los chiclayanos.<\/p>\n\n\n<div class=\"wp-block-image\">\n<figure class=\"aligncenter\"><img decoding=\"async\" src=\"https:\/\/lh7-rt.googleusercontent.com\/docsz\/AD_4nXcc7QzBy16ziBkGa0yRc5mtLntc0kFWT-w2ZFLRdECQacXi4GB7WLAC-svsrvWDBtWOXMtJg3QIdGqx-YDt6CgAzyKvlQYEk-1Othske19f-xZHjALe7w1LUCeX7iNPu80-hqrpLWyg1Wdxy4xZOuEwb6k?key=l7P3kvwLXZNY83MdYqwiag\" alt=\"\"\/><figcaption class=\"wp-element-caption\"><a href=\"https:\/\/www.facebook.com\/photo\/?fbid=8415262575169414&amp;set=g.107546469384830\">Banda del colegio hacia la d\u00e9cada de 1960.<\/a><\/figcaption><\/figure><\/div>\n\n\n<h2 class=\"wp-block-heading\">Sitio Web<\/h2>\n\n\n\n<p><a href=\"https:\/\/www.gloriososanjose.com\">https:\/\/www.gloriososanjose.com<\/a><\/p>\n\n\n\n<h2 class=\"wp-block-heading\">Fuentes<\/h2>\n\n\n\n<ul class=\"wp-block-list\">\n<li>El Comercio (08-04-2024). <em>Este colegio estatal es el m\u00e1s grande del Per\u00fa y tiene m\u00e1s de 100 a\u00f1os de historia. <\/em><a href=\"https:\/\/elcomercio.pe\/respuestas\/estudios-carreras\/este-colegio-estatal-es-el-mas-grande-del-peru-y-tiene-mas-de-100-anos-de-historia-tdpe-noticia\/?ref=ecr\">https:\/\/elcomercio.pe\/respuestas\/estudios-carreras\/este-colegio-estatal-es-el-mas-grande-del-peru-y-tiene-mas-de-100-anos-de-historia-tdpe-noticia\/?ref=ecr<\/a>\u00a0<br><\/li>\n<\/ul>\n\n\n\n<p><\/p>\n","protected":false},"excerpt":{"rendered":"<p>Por iniciativa de la Municipalidad de Chiclayo y con el apoyo de la Junta Departamental de La Libertad, se solicit\u00f3 la creaci\u00f3n de un plantel educativo en la ciudad. La resoluci\u00f3n legislativa fue emitida el 22 de diciembre de 1832 en la villa de Chiclayo, y se estableci\u00f3 que su financiamiento provendr\u00eda de las rentas[&#8230;]<\/p>\n","protected":false},"featured_media":1270,"template":"","class_list":["post-1234","historias","type-historias","status-publish","has-post-thumbnail","hentry"],"_links":{"self":[{"href":"http:\/\/test.boomerang.pe\/museo\/wp-json\/wp\/v2\/historias\/1234","targetHints":{"allow":["GET"]}}],"collection":[{"href":"http:\/\/test.boomerang.pe\/museo\/wp-json\/wp\/v2\/historias"}],"about":[{"href":"http:\/\/test.boomerang.pe\/museo\/wp-json\/wp\/v2\/types\/historias"}],"wp:featuredmedia":[{"embeddable":true,"href":"http:\/\/test.boomerang.pe\/museo\/wp-json\/wp\/v2\/media\/1270"}],"wp:attachment":[{"href":"http:\/\/test.boomerang.pe\/museo\/wp-json\/wp\/v2\/media?parent=1234"}],"curies":[{"name":"wp","href":"https:\/\/api.w.org\/{rel}","templated":true}]}}