{"id":229,"date":"2023-06-22T16:41:36","date_gmt":"2023-06-22T16:41:36","guid":{"rendered":"http:\/\/test.boomerang.pe\/museo\/?post_type=historias&#038;p=229"},"modified":"2024-02-16T14:07:29","modified_gmt":"2024-02-16T14:07:29","slug":"colegio-don-bosco","status":"publish","type":"historias","link":"http:\/\/test.boomerang.pe\/museo\/historias\/colegio-don-bosco\/","title":{"rendered":"Colegio Don Bosco"},"content":{"rendered":"\n<p>Con la visita a Lima que realiz\u00f3 el padre Santiago Costamagna en 1890, se iniciaron las gestiones que buscaban establecer una escuela salesiana en el Callao. Fue el administrador apost\u00f3lico, monse\u00f1or Jos\u00e9 Macchi, quien se encarg\u00f3 de solicitar su apertura, aunque no obtuvo respuesta en un primer momento.<\/p>\n\n\n\n<p>A\u00f1os despu\u00e9s, en 1896, al regresar a Lima monse\u00f1or Costamagna como vicario apost\u00f3lico de M\u00e9ndez y Gualaquiza y como visitador de las Casas del Pac\u00edfico, se interes\u00f3 profundamente en esta obra. Posteriormente, el 31 de enero de 1898, los salesianos iniciaron de manera provisional su labor educativa en el Callao, en un local cedido por los padres franciscanos y consist\u00eda en una peque\u00f1a casa de retiro y una escuela gratuita para ni\u00f1os pobres en la capilla de la Concepci\u00f3n. Esta fue una de las primeras escuelas creadas por la Congregaci\u00f3n en el Per\u00fa, siendo la primera la fundada en Arequipa.<\/p>\n\n\n<div class=\"wp-block-image\">\n<figure class=\"aligncenter size-full\"><img loading=\"lazy\" decoding=\"async\" width=\"444\" height=\"272\" src=\"http:\/\/test.boomerang.pe\/museo\/wp-content\/uploads\/2024\/01\/4-2.png\" alt=\"\" class=\"wp-image-391\" srcset=\"http:\/\/test.boomerang.pe\/museo\/wp-content\/uploads\/2024\/01\/4-2.png 444w, http:\/\/test.boomerang.pe\/museo\/wp-content\/uploads\/2024\/01\/4-2-300x184.png 300w\" sizes=\"auto, (max-width: 444px) 100vw, 444px\" \/><figcaption class=\"wp-element-caption\"><em>Banda del Colegio del Callao (1909). Archivo hist\u00f3rico salesiano del Per\u00fa, Congregaci\u00f3n Salesiana del Per\u00fa, 2021<\/em><br><\/figcaption><\/figure><\/div>\n\n\n<p>Como parte de la obra salesiana, tambi\u00e9n se estableci\u00f3, en 1898, un oratorio festivo con el objetivo de apoyar a los ni\u00f1os y j\u00f3venes m\u00e1s necesitados. En 1931, los salesianos compraron un nuevo terreno en la calle Garc\u00eda Calder\u00f3n gracias a la generosidad de la poblaci\u00f3n. La construcci\u00f3n del nuevo local finaliz\u00f3 el 13 de marzo de 1939, aunque solamente admit\u00edan alumnos de nivel primario.&nbsp;<\/p>\n\n\n\n<p>Los inicios del Colegio Don Bosco del Callao est\u00e1n muy unidos al desarrollo de la parroquia erigida en honor del santo fundador de la Congregaci\u00f3n Salesiana, San Juan Bosco, cuya primera piedra fue colocada en 1947. Un a\u00f1o despu\u00e9s se iniciaron las actividades en el nivel secundario, y se lleg\u00f3 a tener una poblaci\u00f3n de 600 alumnos. En este contexto, las actividades desarrolladas por el Colegio Don Bosco del Callao ten\u00edan como referente el sistema preventivo salesiano, apoy\u00e1ndose en tres pilares educativos: la raz\u00f3n, la religi\u00f3n y el amor.<\/p>\n\n\n<div class=\"wp-block-image\">\n<figure class=\"aligncenter size-full\"><img loading=\"lazy\" decoding=\"async\" width=\"458\" height=\"273\" src=\"http:\/\/test.boomerang.pe\/museo\/wp-content\/uploads\/2024\/01\/4-3.png\" alt=\"\" class=\"wp-image-392\" srcset=\"http:\/\/test.boomerang.pe\/museo\/wp-content\/uploads\/2024\/01\/4-3.png 458w, http:\/\/test.boomerang.pe\/museo\/wp-content\/uploads\/2024\/01\/4-3-300x179.png 300w\" sizes=\"auto, (max-width: 458px) 100vw, 458px\" \/><figcaption class=\"wp-element-caption\"><em>Los 2000 alumnos salesianos de Lima y Callao desfilando ante el presidente y los obispos (1927). Archivo hist\u00f3rico salesiano del Per\u00fa, Congregaci\u00f3n Salesiana del Per\u00fa, 2021<\/em><\/figcaption><\/figure><\/div>\n\n\n<p>Despu\u00e9s de 125 a\u00f1os de labor educativa, la Congregaci\u00f3n Salesiana comunica en setiembre del 2023 el cierre progresivo de una de las escuelas m\u00e1s emblem\u00e1ticas del Callao como es el colegio Salesiano \u201cDon Bosco\u201d.<\/p>\n\n\n<div class=\"wp-block-image\">\n<figure class=\"aligncenter size-full\"><img loading=\"lazy\" decoding=\"async\" width=\"400\" height=\"273\" src=\"http:\/\/test.boomerang.pe\/museo\/wp-content\/uploads\/2024\/01\/4-4.png\" alt=\"\" class=\"wp-image-393\" srcset=\"http:\/\/test.boomerang.pe\/museo\/wp-content\/uploads\/2024\/01\/4-4.png 400w, http:\/\/test.boomerang.pe\/museo\/wp-content\/uploads\/2024\/01\/4-4-300x205.png 300w\" sizes=\"auto, (max-width: 400px) 100vw, 400px\" \/><figcaption class=\"wp-element-caption\"><em>Superiores y estudiantes del Colegio Salesiano del Callao (1941). Archivo hist\u00f3rico salesiano del Per\u00fa, Congregaci\u00f3n Salesiana del Per\u00fa, 2021<\/em><\/figcaption><\/figure><\/div>\n\n\n<h2 class=\"wp-block-heading\">Fuentes<\/h2>\n\n\n\n<ul class=\"wp-block-list\">\n<li>Calder\u00f3n, C. y Pennati, E. (1994). <em>Presencia salesiana en el Per\u00fa. Los inicios 1891-1898.<\/em> Editorial Salesiana.&nbsp;<\/li>\n\n\n\n<li>Congregaci\u00f3n Salesiana del Per\u00fa. (s.f.). <a href=\"https:\/\/salesianos.pe\/archivo-historico\/\"><em>Archivo hist\u00f3rico<\/em>. Salesiano<\/a>s Per\u00fa.&nbsp;<\/li>\n\n\n\n<li>Congregaci\u00f3n Salesiana del Per\u00fa. (2021). <a href=\"https:\/\/archivosalesianoperu.wixsite.com\/muestra-bicentenario\"><em>Archivo hist\u00f3rico salesiano del Per\u00fa <\/em>[Galer\u00eda].&nbsp;<\/a><\/li>\n\n\n\n<li>Franco C\u00f3rdova, D. (2016). <em>La Bas\u00edlica de Mar\u00eda Auxiliadora de Lima. Cronolog\u00eda (1916-2016)<\/em>. Editorial Salesiana.&nbsp;<\/li>\n\n\n\n<li>Fuentes Hist\u00f3ricas del Per\u00fa. (s.f.). <a href=\"https:\/\/fuenteshistoricasdelperu.com\/2021\/10\/11\/congregaciones-salesiana-e-hijas-de-maria-auxiliadora-del-peru\/\"><em>Congregaciones Salesiana e Hijas de Mar\u00eda Auxiliadora del Per\u00fa<\/em>.&nbsp;<\/a><\/li>\n\n\n\n<li>Gamarra Hern\u00e1ndez, A. M. (1919). Colegio de Salesianos. En <em>Datos hist\u00f3ricos acerca de los establecimientos de Segunda Ense\u00f1anza que actualmente funcionan <\/em>(pp. 475-492). Imprenta Torres Aguirre.&nbsp;<\/li>\n\n\n\n<li>Jayapalan, R. (2020). <em>La Familia Salesiana de don Bosco<\/em>. Editorial CCS.&nbsp;<\/li>\n\n\n\n<li>Llorent Bedmar, V. y Llorent Garc\u00eda, V. J. (2017). <a href=\"https:\/\/doi.org\/10.14201\/hedu2017366582\">La labor socioeducativa de las misiones salesianas en Am\u00e9rica y Espa\u00f1a en el siglo XIX y los albores del siglo XX<\/a>. <em>Historia de la Educaci\u00f3n<\/em>, 36, 65-82.&nbsp;<\/li>\n\n\n\n<li>Quishpe, J. M. (2012). Los salesianos y el impulso de la educaci\u00f3n t\u00e9cnica en Quito. En L. V\u00e1squez, J. F. Regalado, B. Garz\u00f3n, V. H. Torres y J. E. Juncosa (Coords.), <em>La presencia salesiana en el Ecuador. Perspectivas hist\u00f3ricas y sociales <\/em>(pp. 221-262). Universidad Polit\u00e9cnica Salesiana.&nbsp;<\/li>\n\n\n\n<li>Congregaci\u00f3n Salesiana del Per\u00fa (2023) <a href=\"https:\/\/salesianos.pe\/comunicado\/\">Comunicado sobre el cierre del servicio educativo del colegio Salesiano \u201cDon Bosco\u201d.<\/a><\/li>\n<\/ul>\n\n\n\n<p>Foto de portada: Los 2000 alumnos salesianos de Lima y Callao desfilando ante el presidente y los obispos (1927). Archivo hist\u00f3rico salesiano del Per\u00fa, Congregaci\u00f3n Salesiana del Per\u00fa, 2021<\/p>\n\n\n\n<p class=\"has-small-font-size\">Texto basado en el estudio de Daniel C\u00e1ceres Marsano realizada para el Taller del Museo Virtual Historia de la Escuela Peruana 2021-II. Redacci\u00f3n: Themis Castellanos del Portal y Grecia Valdivia Ja\u00e9n. Edici\u00f3n final: Luis Sime Poma<\/p>\n","protected":false},"excerpt":{"rendered":"<p>Con la visita a Lima que realiz\u00f3 el padre Santiago Costamagna en 1890, se iniciaron las gestiones que buscaban establecer una escuela salesiana en el Callao. Fue el administrador apost\u00f3lico, monse\u00f1or Jos\u00e9 Macchi, quien se encarg\u00f3 de solicitar su apertura, aunque no obtuvo respuesta en un primer momento. A\u00f1os despu\u00e9s, en 1896, al regresar a[&#8230;]<\/p>\n","protected":false},"featured_media":244,"template":"","class_list":["post-229","historias","type-historias","status-publish","has-post-thumbnail","hentry"],"_links":{"self":[{"href":"http:\/\/test.boomerang.pe\/museo\/wp-json\/wp\/v2\/historias\/229","targetHints":{"allow":["GET"]}}],"collection":[{"href":"http:\/\/test.boomerang.pe\/museo\/wp-json\/wp\/v2\/historias"}],"about":[{"href":"http:\/\/test.boomerang.pe\/museo\/wp-json\/wp\/v2\/types\/historias"}],"wp:featuredmedia":[{"embeddable":true,"href":"http:\/\/test.boomerang.pe\/museo\/wp-json\/wp\/v2\/media\/244"}],"wp:attachment":[{"href":"http:\/\/test.boomerang.pe\/museo\/wp-json\/wp\/v2\/media?parent=229"}],"curies":[{"name":"wp","href":"https:\/\/api.w.org\/{rel}","templated":true}]}}