{"id":419,"date":"2024-01-05T20:35:44","date_gmt":"2024-01-05T20:35:44","guid":{"rendered":"http:\/\/test.boomerang.pe\/museo\/?post_type=historias&#038;p=419"},"modified":"2024-12-12T11:39:17","modified_gmt":"2024-12-12T16:39:17","slug":"colegio-san-ramon","status":"publish","type":"historias","link":"http:\/\/test.boomerang.pe\/museo\/historias\/colegio-san-ramon\/","title":{"rendered":"Colegio San Ram\u00f3n"},"content":{"rendered":"\n<p>El origen del Colegio San Ram\u00f3n se remonta a los primeros a\u00f1os de la Rep\u00fablica Peruana. El 13 de julio de 1825, el General Luis Jos\u00e9 Orbegoso, Prefecto de La Libertad, firm\u00f3 el decreto para crear el \u00abColegio de Patriotas de Cajamarca\u00bb a solicitud del alcalde y un comit\u00e9 de ciudadanos. Su objetivo principal era la ense\u00f1anza de las ciencias exactas y naturales.<\/p>\n\n\n\n<p>En los primeros a\u00f1os, el colegio inici\u00f3 con muchas dificultades, principalmente por la falta de ingresos econ\u00f3micos y la carencia de un edificio propio. Incluso, la casa del propio director del colegio, Don Jos\u00e9 G\u00e1lvez Paz, ubicada actualmente en la segunda cuadra del Pasaje San Mart\u00edn, se utiliz\u00f3 como sede del plantel.<\/p>\n\n\n\n<p>En 1829, se adjudica la Iglesia y convento franciscano de La Recoleta para su uso como plantel, y el 8 de septiembre de 1831 se concreta la instalaci\u00f3n del colegio en el espacio conventual. Esta fecha queda definida como el aniversario del Colegio San Ram\u00f3n, que se denomin\u00f3 \u00abColegio Central de Ciencias y Artes de Cajamarca.\u00bb<\/p>\n\n\n\n<p>Inicialmente se establecieron las siguientes c\u00e1tedras: F\u00edsica, Matem\u00e1ticas, \u00c9tica, Gram\u00e1tica, Latinidad, Religi\u00f3n y Teolog\u00eda. Este plan de estudios se mantuvo hasta 1840. Los estudiantes cumpl\u00edan ocho horas cronol\u00f3gicas diarias de actividad acad\u00e9mica, cinco en el aula y tres de estudio. Adem\u00e1s, deb\u00edan asistir a misa a diario y celebrar los actos lit\u00fargicos. Durante estos primeros a\u00f1os, la iglesia tuvo una influencia en la ense\u00f1anza, y el primer rector fue el sacerdote Juan P\u00edo Burga.<\/p>\n\n\n\n<p>Este colegio tuvo un rol importante en la historia de Cajamarca, ya que en sus claustros se gest\u00f3 la idea de independizar Cajamarca de la dependencia pol\u00edtica trujillana. Es as\u00ed como el 3 de enero de 1854 se inici\u00f3 el proceso para elevar Cajamarca a la categor\u00eda de departamento.<\/p>\n\n\n\n<p>El General Ram\u00f3n Castilla design\u00f3 como Inspector de Instrucci\u00f3n P\u00fablica al Dr. Sebasti\u00e1n Lorente en 1856 y le encarg\u00f3 realizar una evaluaci\u00f3n e informe sobre la situaci\u00f3n del colegio. Gracias a su informe, se destin\u00f3 una partida econ\u00f3mica para equipar el colegio con material did\u00e1ctico, una biblioteca, un gabinete de f\u00edsica y un laboratorio. Desde entonces, el colegio pas\u00f3 a llamarse San Ram\u00f3n en gratitud al coronel Ram\u00f3n Castilla.<\/p>\n\n\n\n<p>Durante la Guerra con Chile, docentes, alumnos y empleados del colegio San Ram\u00f3n actuaron con patriotismo al conformar la Columna Grau. En 1879, se organiz\u00f3 el Batall\u00f3n Cajamarca, que ten\u00eda como cuartel el local del Colegio San Ram\u00f3n. Varios de ellos entregaron sus vidas en la Batalla de San Pablo.<\/p>\n\n\n\n<p>Pasada la guerra con Chile, el colegio cerr\u00f3 durante seis a\u00f1os para llevar a cabo la reparaci\u00f3n de su infraestructura. El inicio del siglo XX trajo consigo la adaptaci\u00f3n a las Leyes Org\u00e1nicas de Instrucci\u00f3n de 1901 y 1902, lo que implic\u00f3 la reducci\u00f3n de los a\u00f1os de estudio en el nivel secundario, pasando de seis a cuatro a\u00f1os. Adem\u00e1s, se adquiri\u00f3 un terreno de cultivo y se estableci\u00f3 una secci\u00f3n agr\u00edcola.<\/p>\n\n\n<div class=\"wp-block-image\">\n<figure class=\"aligncenter size-large\"><img loading=\"lazy\" decoding=\"async\" width=\"1024\" height=\"768\" src=\"http:\/\/test.boomerang.pe\/museo\/wp-content\/uploads\/2024\/01\/10-2-1024x768.jpg\" alt=\"\" class=\"wp-image-421\" srcset=\"http:\/\/test.boomerang.pe\/museo\/wp-content\/uploads\/2024\/01\/10-2-1024x768.jpg 1024w, http:\/\/test.boomerang.pe\/museo\/wp-content\/uploads\/2024\/01\/10-2-300x225.jpg 300w, http:\/\/test.boomerang.pe\/museo\/wp-content\/uploads\/2024\/01\/10-2-768x576.jpg 768w, http:\/\/test.boomerang.pe\/museo\/wp-content\/uploads\/2024\/01\/10-2-1536x1152.jpg 1536w, http:\/\/test.boomerang.pe\/museo\/wp-content\/uploads\/2024\/01\/10-2.jpg 1600w\" sizes=\"auto, (max-width: 1024px) 100vw, 1024px\" \/><figcaption class=\"wp-element-caption\"><em>Fachada del colegio San Ram\u00f3n. <\/em><a href=\"https:\/\/caxamarcapictures.blogspot.com\/2010\/06\/colegio-nacional-san-ramon-fundado-en.html\"><em>&nbsp;Im\u00e1genes Cajamarca.<\/em><\/a><br><\/figcaption><\/figure><\/div>\n\n\n<p>En 1920, la luz el\u00e9ctrica lleg\u00f3 al Colegio San Ram\u00f3n, lo que represent\u00f3 un gran avance en la formaci\u00f3n de los estudiantes. En las aulas del colegio se aplicaron diversas corrientes pedag\u00f3gicas. Sus estudiantes y maestros han desempe\u00f1ado un papel importante no solo en la historia de Cajamarca, sino tambi\u00e9n en la del Per\u00fa.<\/p>\n\n\n<div class=\"wp-block-image\">\n<figure class=\"aligncenter size-large\"><img loading=\"lazy\" decoding=\"async\" width=\"1024\" height=\"655\" src=\"http:\/\/test.boomerang.pe\/museo\/wp-content\/uploads\/2024\/01\/10-3-1024x655.jpg\" alt=\"\" class=\"wp-image-422\" srcset=\"http:\/\/test.boomerang.pe\/museo\/wp-content\/uploads\/2024\/01\/10-3-1024x655.jpg 1024w, http:\/\/test.boomerang.pe\/museo\/wp-content\/uploads\/2024\/01\/10-3-300x192.jpg 300w, http:\/\/test.boomerang.pe\/museo\/wp-content\/uploads\/2024\/01\/10-3-768x491.jpg 768w, http:\/\/test.boomerang.pe\/museo\/wp-content\/uploads\/2024\/01\/10-3-1536x982.jpg 1536w, http:\/\/test.boomerang.pe\/museo\/wp-content\/uploads\/2024\/01\/10-3.jpg 1842w\" sizes=\"auto, (max-width: 1024px) 100vw, 1024px\" \/><figcaption class=\"wp-element-caption\"><em>Promoci\u00f3n del 5to C. D\u00e9cada de 1970.<\/em> <em>Baz\u00e1n Zurita, H. et al. (2019). San Ramoninos de Oro. Ed. Fondo Editorial Municipalidad Provincial de Cajamarca.&nbsp;<\/em><\/figcaption><\/figure><\/div>\n\n\n<h2 class=\"wp-block-heading\">Fuentes&nbsp;<\/h2>\n\n\n\n<ul class=\"wp-block-list\">\n<li>Baz\u00e1n Zurita, H. et al. (2019). <a href=\"https:\/\/cuervoblancoeditores.files.wordpress.com\/2020\/06\/revisa-san-ramon-virtual-3.pdf\">San Ramoninos de Oro. <\/a>Ed. Fondo Editorial Municipalidad Provincial de Cajamarca.&nbsp;&nbsp;<\/li>\n\n\n\n<li>Gait\u00e1n Pajares, E. y S\u00e1nchez Zevallos, P.(1987). <a href=\"https:\/\/repositorio.cultura.gob.pe\/handle\/CULTURA\/689\">Centro Cultural San Ram\u00f3n: Una propuesta de adecuaci\u00f3n a nuevo uso del Conjunto Monumental la Recoleta<\/a>. Manuscrito.<\/li>\n\n\n\n<li>Sarmiento Guti\u00e9rrez, J. (2015). <em>El Colegio San Ram\u00f3n de Cajamarca: En La Ruta del Bicentenario de la Independencia Nacional<\/em>. Ed. Fondo Editorial Municipalidad Provincial de Cajamarca y Universidad Privada Antonio Guillermo Urrelo.<\/li>\n\n\n\n<li>Colegio San Ram\u00f3n- <a href=\"https:\/\/sanramoncajamarca.edu.pe\/\">Sitio web institucional&nbsp;<\/a><\/li>\n\n\n\n<li>Videos: CURSOS CICC (28 de agosto de 2021). <em>Conversatorio G\u00e9nesis del Colegio San Ram\u00f3n de Cajamarca<\/em> (<a href=\"https:\/\/www.youtube.com\/watch?v=b3_EE6HiVdY\">Archivo de video<\/a>).\u00a0<\/li>\n<\/ul>\n\n\n\n<p>Foto portada: <em>Baz\u00e1n Zurita, H. et al. (2019). San Ramoninos de Oro. Ed. Fondo Editorial Municipalidad Provincial de Cajamarca.<\/em><\/p>\n\n\n\n<p class=\"has-small-font-size\">Texto basado en el estudio de Canal Museal. Edici\u00f3n final: Luis Sime<\/p>\n","protected":false},"excerpt":{"rendered":"<p>El origen del Colegio San Ram\u00f3n se remonta a los primeros a\u00f1os de la Rep\u00fablica Peruana. El 13 de julio de 1825, el General Luis Jos\u00e9 Orbegoso, Prefecto de La Libertad, firm\u00f3 el decreto para crear el \u00abColegio de Patriotas de Cajamarca\u00bb a solicitud del alcalde y un comit\u00e9 de ciudadanos. Su objetivo principal era[&#8230;]<\/p>\n","protected":false},"featured_media":455,"template":"","class_list":["post-419","historias","type-historias","status-publish","has-post-thumbnail","hentry"],"_links":{"self":[{"href":"http:\/\/test.boomerang.pe\/museo\/wp-json\/wp\/v2\/historias\/419","targetHints":{"allow":["GET"]}}],"collection":[{"href":"http:\/\/test.boomerang.pe\/museo\/wp-json\/wp\/v2\/historias"}],"about":[{"href":"http:\/\/test.boomerang.pe\/museo\/wp-json\/wp\/v2\/types\/historias"}],"wp:featuredmedia":[{"embeddable":true,"href":"http:\/\/test.boomerang.pe\/museo\/wp-json\/wp\/v2\/media\/455"}],"wp:attachment":[{"href":"http:\/\/test.boomerang.pe\/museo\/wp-json\/wp\/v2\/media?parent=419"}],"curies":[{"name":"wp","href":"https:\/\/api.w.org\/{rel}","templated":true}]}}