{"id":779,"date":"2024-09-06T17:09:23","date_gmt":"2024-09-06T17:09:23","guid":{"rendered":"http:\/\/test.boomerang.pe\/museo\/?post_type=historias&#038;p=779"},"modified":"2024-09-06T17:21:54","modified_gmt":"2024-09-06T17:21:54","slug":"i-e-la-merced","status":"publish","type":"historias","link":"http:\/\/test.boomerang.pe\/museo\/historias\/i-e-la-merced\/","title":{"rendered":"I.E La Merced"},"content":{"rendered":"\n<p>El Colegio Estatal La Merced tiene sus or\u00edgenes en el Liceo Nuestra Se\u00f1ora de los Dolores, fundado en 1915 por iniciativa de Fray Alberto Mar\u00eda Pe\u00f1a, miembro de la orden ser\u00e1fica. En 1919, mediante la Resoluci\u00f3n Suprema N.\u00ba 810, se autoriz\u00f3 el establecimiento de una escuela de artes y oficios anexa al Liceo. Desde inicios del siglo XX, el gobierno del presidente Jos\u00e9 Pardo impuls\u00f3 el proyecto de la Escuela de Artes y Oficios, que hab\u00eda sido detenido luego de la Guerra del Pac\u00edfico. As\u00ed, se buscaba formar artesanos t\u00e9cnicos para contribuir al progreso industrial y cultural de la clase obrera peruana. El liceo ofreci\u00f3 talleres de encuadernaci\u00f3n, tejido, lavander\u00eda, relojer\u00eda, reposter\u00eda, sastrer\u00eda y zapater\u00eda, entre otros.<\/p>\n\n\n\n<figure class=\"wp-block-image size-large\"><img loading=\"lazy\" decoding=\"async\" width=\"1024\" height=\"733\" src=\"http:\/\/test.boomerang.pe\/museo\/wp-content\/uploads\/2024\/09\/22-2-1024x733.jpg\" alt=\"\" class=\"wp-image-868\" srcset=\"http:\/\/test.boomerang.pe\/museo\/wp-content\/uploads\/2024\/09\/22-2-1024x733.jpg 1024w, http:\/\/test.boomerang.pe\/museo\/wp-content\/uploads\/2024\/09\/22-2-300x215.jpg 300w, http:\/\/test.boomerang.pe\/museo\/wp-content\/uploads\/2024\/09\/22-2-768x550.jpg 768w, http:\/\/test.boomerang.pe\/museo\/wp-content\/uploads\/2024\/09\/22-2-1536x1100.jpg 1536w, http:\/\/test.boomerang.pe\/museo\/wp-content\/uploads\/2024\/09\/22-2.jpg 1600w\" sizes=\"auto, (max-width: 1024px) 100vw, 1024px\" \/><figcaption class=\"wp-element-caption\"><em><a href=\"https:\/\/cronicascajamarca.blogspot.com\/2015\/01\/calles-del-centro-historico-nueva.html?view=sidebar\">I.E La Merced de Cajamarca en el jir\u00f3n Jun\u00edn, cuadra 5 hacia las primeras d\u00e9cadas del siglo XX. Blog Cr\u00f3nicas de Cajamarca.<\/a><\/em><\/figcaption><\/figure>\n\n\n\n<p>En 1925, la escuela se convirti\u00f3 en la Escuela Vocacional de Ni\u00f1as de car\u00e1cter fiscal, iniciando sus actividades en 1926 bajo la administraci\u00f3n de Concepci\u00f3n Bartra, presidenta de la Liga Pro Educatione. Hacia 1927, el plan de estudios contemplaba m\u00fasica, ingl\u00e9s, dibujo, religi\u00f3n y diversos talleres para mujeres.<\/p>\n\n\n\n<p>En 1929, el centro educativo tom\u00f3 el nombre de Centro Escolar de Primera Ense\u00f1anza Com\u00fan e Industrial, dirigido por Zulema Arce desde 1932. En 1946, el gobierno decidi\u00f3 denominarlo Colegio Industrial de Mujeres N.\u00ba 12, con el objetivo de impulsar la educaci\u00f3n t\u00e9cnica. Posteriormente, adopt\u00f3 el nombre de Instituto Industrial del Norte y, en 1957, Instituto Industrial Femenino N.\u00ba 12. En 1980, se convirti\u00f3 en el Centro de Educaci\u00f3n B\u00e1sica La Merced y, en 1986, adquiri\u00f3 su nombre final de Colegio Estatal La Merced.<\/p>\n\n\n\n<p>El colegio se caracteriz\u00f3 por contar con distinguidas docentes, entre las m\u00e1s destacadas estuvieron Enriqueta Villacorta, Zulema Arce, Irene Pereyra de V\u00e1squez, Delia Ch\u00e1vez Miranda, Aureolina Mora, Elvia Rosa Abanto, Rosa Mar\u00eda Pastor de Gonz\u00e1lez, entre otras. Actualmente, el Colegio Estatal La Merced cuenta con alrededor de 659 estudiantes varones y mujeres en el nivel secundario y 565 en primaria. Adem\u00e1s, posee una moderna infraestructura y contin\u00faa manteniendo su esencia como colegio t\u00e9cnico, imparte en secundaria talleres con ofertas laborales de alta demanda, como est\u00e9tica, textiler\u00eda, hoteler\u00eda y turismo, y computaci\u00f3n e inform\u00e1tica.<\/p>\n\n\n\n<figure class=\"wp-block-image size-full is-resized\"><img loading=\"lazy\" decoding=\"async\" width=\"600\" height=\"450\" src=\"http:\/\/test.boomerang.pe\/museo\/wp-content\/uploads\/2024\/09\/22-3.jpg\" alt=\"\" class=\"wp-image-867\" style=\"width:539px;height:auto\" srcset=\"http:\/\/test.boomerang.pe\/museo\/wp-content\/uploads\/2024\/09\/22-3.jpg 600w, http:\/\/test.boomerang.pe\/museo\/wp-content\/uploads\/2024\/09\/22-3-300x225.jpg 300w\" sizes=\"auto, (max-width: 600px) 100vw, 600px\" \/><figcaption class=\"wp-element-caption\"><a href=\"https:\/\/www.facebook.com\/lamercedcajamarca\/photos\/a.397828670257815\/5334596816580951\/?type=3\">Fachada actual del I.E La Merced de Cajamarca. Portal del colegio en Facebook.<\/a> <\/figcaption><\/figure>\n\n\n\n<h2 class=\"wp-block-heading\">Fuentes<\/h2>\n\n\n\n<ul class=\"wp-block-list\">\n<li><a href=\"https:\/\/doi.org\/10.33326\/26176041.2023.1.1893\">Tito, B. (2023). Las escuelas de artes y oficios en el Per\u00fa (1849-1945). <em>La Vida &amp; La Historia<\/em>, 10(1), 62\u201382.<\/a>&nbsp;<\/li>\n\n\n\n<li>Sarmiento, J.&nbsp; (2010). <em>Historia de la educaci\u00f3n cajamarquina. Colonia. Siglo XX<\/em>. Universidad Privada Antonio Guillermo Urrelo.<\/li>\n\n\n\n<li>Sitio Web: <a href=\"https:\/\/www.ielamerced.edu.pe\/\">https:\/\/www.ielamerced.edu.pe\/<\/a><\/li>\n<\/ul>\n","protected":false},"excerpt":{"rendered":"<p>El Colegio Estatal La Merced tiene sus or\u00edgenes en el Liceo Nuestra Se\u00f1ora de los Dolores, fundado en 1915 por iniciativa de Fray Alberto Mar\u00eda Pe\u00f1a, miembro de la orden ser\u00e1fica. En 1919, mediante la Resoluci\u00f3n Suprema N.\u00ba 810, se autoriz\u00f3 el establecimiento de una escuela de artes y oficios anexa al Liceo. Desde inicios[&#8230;]<\/p>\n","protected":false},"featured_media":999,"template":"","class_list":["post-779","historias","type-historias","status-publish","has-post-thumbnail","hentry"],"_links":{"self":[{"href":"http:\/\/test.boomerang.pe\/museo\/wp-json\/wp\/v2\/historias\/779","targetHints":{"allow":["GET"]}}],"collection":[{"href":"http:\/\/test.boomerang.pe\/museo\/wp-json\/wp\/v2\/historias"}],"about":[{"href":"http:\/\/test.boomerang.pe\/museo\/wp-json\/wp\/v2\/types\/historias"}],"wp:featuredmedia":[{"embeddable":true,"href":"http:\/\/test.boomerang.pe\/museo\/wp-json\/wp\/v2\/media\/999"}],"wp:attachment":[{"href":"http:\/\/test.boomerang.pe\/museo\/wp-json\/wp\/v2\/media?parent=779"}],"curies":[{"name":"wp","href":"https:\/\/api.w.org\/{rel}","templated":true}]}}