{"id":788,"date":"2024-09-06T17:06:53","date_gmt":"2024-09-06T17:06:53","guid":{"rendered":"http:\/\/test.boomerang.pe\/museo\/?post_type=historias&#038;p=788"},"modified":"2024-09-06T17:26:55","modified_gmt":"2024-09-06T17:26:55","slug":"colegio-lima-san-carlos","status":"publish","type":"historias","link":"http:\/\/test.boomerang.pe\/museo\/historias\/colegio-lima-san-carlos\/","title":{"rendered":"Colegio Lima San Carlos"},"content":{"rendered":"\n<p>El Colegio Lima San Carlos tiene sus or\u00edgenes en la iniciativa de Manuel Pardo y Lavalle, un pol\u00edtico que, gracias a sus estudios en Espa\u00f1a y Francia, incorpor\u00f3 las influencias educativas de esos pa\u00edses en su visi\u00f3n de modernizar la educaci\u00f3n en Per\u00fa. En 1861, Pardo fund\u00f3 una sociedad de padres de familia con el prop\u00f3sito de establecer una instituci\u00f3n que proporcionara una educaci\u00f3n human\u00edstica y cient\u00edfica de alta calidad.<\/p>\n\n\n\n<p>Para dirigir el nuevo centro educativo, Pardo y Lavalle eligi\u00f3 al maestro alem\u00e1n Leopold Contzen. El 1 de marzo de 1872, el instituto abri\u00f3 sus puertas en la casa n\u00famero 360 de la plazuela San Juan de Dios, hoy conocida como plaza San Mart\u00edn. El colegio comenz\u00f3 con 60 ni\u00f1os varones menores de 10 a\u00f1os provenientes de familias acomodadas de Lima, y ofrec\u00eda ense\u00f1anza en griego y lat\u00edn, con un equipo de maestros tanto alemanes como peruanos. Entre los m\u00e1s destacados estuvieron V\u00edctor Maticorena Le\u00f3n y Manuel Calder\u00f3n Cabanillas.<\/p>\n\n\n\n<figure class=\"wp-block-image size-full has-lightbox\"><a href=\"https:\/\/www.elperuano.pe\/noticia\/196820-los-150-anos-del-colegio-lima-san-carlos\u00a0\"><img loading=\"lazy\" decoding=\"async\" width=\"600\" height=\"400\" src=\"http:\/\/test.boomerang.pe\/museo\/wp-content\/uploads\/2024\/09\/25-2.jpg\" alt=\"\" class=\"wp-image-862\" srcset=\"http:\/\/test.boomerang.pe\/museo\/wp-content\/uploads\/2024\/09\/25-2.jpg 600w, http:\/\/test.boomerang.pe\/museo\/wp-content\/uploads\/2024\/09\/25-2-300x200.jpg 300w\" sizes=\"auto, (max-width: 600px) 100vw, 600px\" \/><\/a><figcaption class=\"wp-element-caption\"><em>Fotograf\u00eda del cuerpo docente y administrativo del plantel. Sin fecha.<\/em><\/figcaption><\/figure>\n\n\n\n<p>Durante la Guerra del Pac\u00edfico, el colegio cerr\u00f3 temporalmente y sus estudiantes participaron en la defensa del pa\u00eds. Al reanudar sus actividades, la direcci\u00f3n del colegio estuvo a cargo de Carlos Leicher, Gustavo Bonnet, Jos\u00e9 Wagner, Manuel P\u00e9rez Santiago, Karl Maisch, y los peruanos Arturo P\u00e9rez Figuerola y Sa\u00fal La Cruz Cuadra.&nbsp;<\/p>\n\n\n\n<p>En 1937, el colegio cambi\u00f3 su nombre a Colegio Lima, y en 1942 adopt\u00f3 el nombre de Lima San Carlos al fusionarse con el Colegio San Carlos. Sa\u00fal La Cruz Cuadra se convirti\u00f3 en el \u00fanico director del colegio en 1950. Gracias a \u00e9l, se contrat\u00f3 al renombrado entrenador Roberto Scarone y de esa manera el equipo logr\u00f3 ganar el campeonato interescolar de f\u00fatbol en los a\u00f1os 1954, 1955 y 1956.<\/p>\n\n\n\n<p>En 1982 el director fue el experimentado doctor Eloy Arriola, y en 1984 la direcci\u00f3n fue otorgada a Luis Palacios Reyes. Para esa \u00e9poca el colegio contaba con m\u00e1s de 1500 alumnos. Lamentablemente hacia febrero de 1994, la comunidad sufri\u00f3 un desalojo y fue trasladada a una casona en la avenida Uruguay 390, donde contin\u00faa sus actividades hasta la fecha. El colegio tiene una larga tradici\u00f3n de educaci\u00f3n exclusivamente para ni\u00f1os, pero en las \u00faltimas d\u00e9cadas ha comenzado a admitir tambi\u00e9n a ni\u00f1as y j\u00f3venes. Con m\u00e1s de 150 a\u00f1os de historia, entre sus exalumnos m\u00e1s reconocidos se encuentran Manuel Candamo y Jos\u00e9 Santos Chocano.&nbsp;<\/p>\n\n\n\n<figure class=\"wp-block-image size-full\"><img loading=\"lazy\" decoding=\"async\" width=\"600\" height=\"400\" src=\"http:\/\/test.boomerang.pe\/museo\/wp-content\/uploads\/2024\/09\/25-4.jpg\" alt=\"\" class=\"wp-image-880\" srcset=\"http:\/\/test.boomerang.pe\/museo\/wp-content\/uploads\/2024\/09\/25-4.jpg 600w, http:\/\/test.boomerang.pe\/museo\/wp-content\/uploads\/2024\/09\/25-4-300x200.jpg 300w\" sizes=\"auto, (max-width: 600px) 100vw, 600px\" \/><\/figure>\n\n\n\n<figure class=\"wp-block-image size-full\"><img loading=\"lazy\" decoding=\"async\" width=\"600\" height=\"400\" src=\"http:\/\/test.boomerang.pe\/museo\/wp-content\/uploads\/2024\/09\/25-3.jpg\" alt=\"\" class=\"wp-image-861\" srcset=\"http:\/\/test.boomerang.pe\/museo\/wp-content\/uploads\/2024\/09\/25-3.jpg 600w, http:\/\/test.boomerang.pe\/museo\/wp-content\/uploads\/2024\/09\/25-3-300x200.jpg 300w\" sizes=\"auto, (max-width: 600px) 100vw, 600px\" \/><figcaption class=\"wp-element-caption\"><em><a href=\".https:\/\/www.elperuano.pe\/noticia\/196820-los-150-anos-del-colegio-lima-san-carlos\">Fotograf\u00edas de la fachada del local del Colegio Lima San Carlos en la avenida Uruguay<\/a>.<\/em><\/figcaption><\/figure>\n\n\n\n<h2 class=\"wp-block-heading\">Fuentes<\/h2>\n\n\n\n<ul class=\"wp-block-list\">\n<li><a href=\"https:\/\/elcomercio.pe\/archivo-elcomercio\/los-150-anos-del-colegio-lima-san-carlos-la-institucion-educativa-que-formo-a-jose-santos-chocano-nnsp-noticia\/?ref=ecr#google_vignette\">C\u00f3rdova, L. (2022). <em>Los 150 a\u00f1os del Colegio San Carlos, la instituci\u00f3n educativa que form\u00f3 a Jos\u00e9 Santos Chocano<\/em>. Archivo Hist\u00f3rico El Come<\/a><a href=\"https:\/\/www.elperuano.pe\/noticia\/196820-los-150-anos-del-colegio-lima-san-carlos\">Los 150 a\u00f1os del Colegio Lima San Carlos<\/a><a href=\"https:\/\/elcomercio.pe\/archivo-elcomercio\/los-150-anos-del-colegio-lima-san-carlos-la-institucion-educativa-que-formo-a-jose-santos-chocano-nnsp-noticia\/?ref=ecr#google_vignette\">rcio.&nbsp;<\/a><\/li>\n\n\n\n<li>G\u00f3mez, M. (2022). <em>Los 150 a\u00f1os del Colegio Lima San Carlos. <\/em>El Peruano. <a href=\"https:\/\/www.elperuano.pe\/noticia\/196820-los-150-anos-del-colegio-lima-san-carlos\">https:\/\/www.elperuano.pe\/noticia\/196820-los-150-anos-del-colegio-lima-san-carlos<\/a>&nbsp;&nbsp;<\/li>\n\n\n\n<li>McEvoy, C. (1994). <em>Un proyecto nacional en el siglo XIX. Manuel Pardo y su visi\u00f3n del Per\u00fa.<\/em> Pontificia Universidad Cat\u00f3lica del Per\u00fa.<\/li>\n<\/ul>\n","protected":false},"excerpt":{"rendered":"<p>El Colegio Lima San Carlos tiene sus or\u00edgenes en la iniciativa de Manuel Pardo y Lavalle, un pol\u00edtico que, gracias a sus estudios en Espa\u00f1a y Francia, incorpor\u00f3 las influencias educativas de esos pa\u00edses en su visi\u00f3n de modernizar la educaci\u00f3n en Per\u00fa. En 1861, Pardo fund\u00f3 una sociedad de padres de familia con el[&#8230;]<\/p>\n","protected":false},"featured_media":991,"template":"","class_list":["post-788","historias","type-historias","status-publish","has-post-thumbnail","hentry"],"_links":{"self":[{"href":"http:\/\/test.boomerang.pe\/museo\/wp-json\/wp\/v2\/historias\/788","targetHints":{"allow":["GET"]}}],"collection":[{"href":"http:\/\/test.boomerang.pe\/museo\/wp-json\/wp\/v2\/historias"}],"about":[{"href":"http:\/\/test.boomerang.pe\/museo\/wp-json\/wp\/v2\/types\/historias"}],"wp:featuredmedia":[{"embeddable":true,"href":"http:\/\/test.boomerang.pe\/museo\/wp-json\/wp\/v2\/media\/991"}],"wp:attachment":[{"href":"http:\/\/test.boomerang.pe\/museo\/wp-json\/wp\/v2\/media?parent=788"}],"curies":[{"name":"wp","href":"https:\/\/api.w.org\/{rel}","templated":true}]}}