{"id":886,"date":"2024-09-06T17:06:16","date_gmt":"2024-09-06T17:06:16","guid":{"rendered":"http:\/\/test.boomerang.pe\/museo\/?post_type=historias&#038;p=886"},"modified":"2024-09-10T20:47:01","modified_gmt":"2024-09-10T20:47:01","slug":"colegio-villa-maria","status":"publish","type":"historias","link":"http:\/\/test.boomerang.pe\/museo\/historias\/colegio-villa-maria\/","title":{"rendered":"Colegio Villa Mar\u00eda"},"content":{"rendered":"\n<p>La Congregaci\u00f3n de las Siervas del Inmaculado Coraz\u00f3n de Mar\u00eda, fundada en 1845 con la finalidad de brindar educaci\u00f3n cat\u00f3lica privada en colegios estadounidenses, fue la primera congregaci\u00f3n norteamericana de mujeres en llegar a Sudam\u00e9rica. Emilio Liss\u00f3n, figura clave en este proceso, abog\u00f3 por la fundaci\u00f3n de un colegio cat\u00f3lico especializado en el idioma ingl\u00e9s en la capital peruana, inspirado en el \u00e9xito del colegio marista San Jos\u00e9 del Callao. Liss\u00f3n solicit\u00f3 la colaboraci\u00f3n del obispo de Filadelfia, Dennis Dougherty, para llevar a cabo un proyecto educativo enfocado en el aprendizaje del ingl\u00e9s. As\u00ed, en 1922, llegaron tres religiosas de la congregaci\u00f3n al Per\u00fa.<\/p>\n\n\n\n<p>El 3 de enero de 1923, en una casa alquilada en la Av. Pardo en Miraflores, se instal\u00f3 el Convento y lo que ser\u00eda el primer local del Colegio Villa Mar\u00eda. Pronto, el espacio result\u00f3 insuficiente debido al r\u00e1pido aumento del alumnado. Esto llev\u00f3 a la adquisici\u00f3n de un terreno en la Av. Arequipa para la construcci\u00f3n de un colegio y convento m\u00e1s grandes, cuya construcci\u00f3n comenz\u00f3 en 1925. El proyecto cont\u00f3 con el apoyo del gobierno del presidente Legu\u00eda y la colaboraci\u00f3n de los Estados Unidos, lo que se reflej\u00f3 en la ceremonia de colocaci\u00f3n de la primera piedra, que cont\u00f3 con la presencia de importantes figuras del gobierno norteamericano.<\/p>\n\n\n\n<p>El nuevo local comenz\u00f3 a funcionar en 1926 y, con el tiempo, se a\u00f1adieron pabellones para el nivel primaria. Hasta 1944, el colegio fue coeducacional, y luego se convirti\u00f3, como muchos otros colegios de congregaciones extranjeras, en una de las instituciones preferidas por las clases medias y altas. Las familias valoraban la educaci\u00f3n moderna y norteamericana que ofrec\u00eda el colegio, un fen\u00f3meno influenciado por las crecientes relaciones comerciales y culturales entre Per\u00fa y Estados Unidos.<\/p>\n\n\n\n<figure class=\"wp-block-image size-full\"><img loading=\"lazy\" decoding=\"async\" width=\"320\" height=\"243\" src=\"http:\/\/test.boomerang.pe\/museo\/wp-content\/uploads\/2024\/09\/28-2.jpg\" alt=\"\" class=\"wp-image-902\" style=\"aspect-ratio:3\/2;object-fit:cover\" srcset=\"http:\/\/test.boomerang.pe\/museo\/wp-content\/uploads\/2024\/09\/28-2.jpg 320w, http:\/\/test.boomerang.pe\/museo\/wp-content\/uploads\/2024\/09\/28-2-300x228.jpg 300w\" sizes=\"auto, (max-width: 320px) 100vw, 320px\" \/><\/figure>\n\n\n\n<figure class=\"wp-block-image size-full\"><img loading=\"lazy\" decoding=\"async\" width=\"320\" height=\"240\" src=\"http:\/\/test.boomerang.pe\/museo\/wp-content\/uploads\/2024\/09\/28-3.jpg\" alt=\"\" class=\"wp-image-903\" style=\"aspect-ratio:3\/2;object-fit:cover\" srcset=\"http:\/\/test.boomerang.pe\/museo\/wp-content\/uploads\/2024\/09\/28-3.jpg 320w, http:\/\/test.boomerang.pe\/museo\/wp-content\/uploads\/2024\/09\/28-3-300x225.jpg 300w\" sizes=\"auto, (max-width: 320px) 100vw, 320px\" \/><figcaption class=\"wp-element-caption\"><a href=\"https:\/\/arkivperu.com\/uniforme-escolar-unico-1971\/\">Fotograf\u00edas de alumnas del Villa Mar\u00eda Academy con uniforme \u00fanico peruano. Arkiv Per\u00fa. Sin fecha.<\/a><\/figcaption><\/figure>\n\n\n\n<p>A partir de la d\u00e9cada de 1960, el incremento significativo del alumnado llev\u00f3 a las religiosas a considerar la construcci\u00f3n de una nueva sede para las alumnas de nivel secundaria. Adquirieron un terreno en La Planicie, en el distrito de La Molina, y en 1965 el colegio Villa Mar\u00eda se traslad\u00f3 oficialmente a su nueva ubicaci\u00f3n. El colegio ha sido conocido por formar a muchas figuras influyentes en la pol\u00edtica peruana, incluyendo ex congresistas y ex ministras, consolid\u00e1ndose como un referente en la educaci\u00f3n femenina en el pa\u00eds. Su enfoque en la ense\u00f1anza del ingl\u00e9s y su conexi\u00f3n con la cultura norteamericana han marcado una diferencia significativa y hasta la actualidad combina valores cat\u00f3licos con una perspectiva internacional.<\/p>\n\n\n\n<h2 class=\"wp-block-heading\">Fuentes:<br><\/h2>\n\n\n\n<ul class=\"wp-block-list\">\n<li>Basadre, J. (2005). <em>Historia de la Rep\u00fablica del Per\u00fa (1822-1933<\/em>). El Comercio.<\/li>\n\n\n\n<li>Kleiber, J. (2017). <em>Historia contempor\u00e1nea de la Iglesia Cat\u00f3lica en el Per\u00fa<\/em>. Fondo Editorial de la PUCP.<\/li>\n\n\n\n<li>Guerra, M. (1984). <em>Historia General del Per\u00fa. La Rep\u00fablica Contempor\u00e1nea (1919-1950), Tomo XII<\/em>. Editorial Milla Batres.<\/li>\n<\/ul>\n\n\n\n<p>Sitio Web: <a href=\"https:\/\/villamaria.edu.pe\/\">https:\/\/villamaria.edu.pe\/<\/a> <\/p>\n","protected":false},"excerpt":{"rendered":"<p>La Congregaci\u00f3n de las Siervas del Inmaculado Coraz\u00f3n de Mar\u00eda, fundada en 1845 con la finalidad de brindar educaci\u00f3n cat\u00f3lica privada en colegios estadounidenses, fue la primera congregaci\u00f3n norteamericana de mujeres en llegar a Sudam\u00e9rica. Emilio Liss\u00f3n, figura clave en este proceso, abog\u00f3 por la fundaci\u00f3n de un colegio cat\u00f3lico especializado en el idioma ingl\u00e9s[&#8230;]<\/p>\n","protected":false},"featured_media":1093,"template":"","class_list":["post-886","historias","type-historias","status-publish","has-post-thumbnail","hentry"],"_links":{"self":[{"href":"http:\/\/test.boomerang.pe\/museo\/wp-json\/wp\/v2\/historias\/886","targetHints":{"allow":["GET"]}}],"collection":[{"href":"http:\/\/test.boomerang.pe\/museo\/wp-json\/wp\/v2\/historias"}],"about":[{"href":"http:\/\/test.boomerang.pe\/museo\/wp-json\/wp\/v2\/types\/historias"}],"wp:featuredmedia":[{"embeddable":true,"href":"http:\/\/test.boomerang.pe\/museo\/wp-json\/wp\/v2\/media\/1093"}],"wp:attachment":[{"href":"http:\/\/test.boomerang.pe\/museo\/wp-json\/wp\/v2\/media?parent=886"}],"curies":[{"name":"wp","href":"https:\/\/api.w.org\/{rel}","templated":true}]}}