{"id":905,"date":"2024-09-06T17:06:02","date_gmt":"2024-09-06T17:06:02","guid":{"rendered":"http:\/\/test.boomerang.pe\/museo\/?post_type=historias&#038;p=905"},"modified":"2024-12-12T11:39:35","modified_gmt":"2024-12-12T16:39:35","slug":"colegio-de-los-sagrados-corazones-belen","status":"publish","type":"historias","link":"http:\/\/test.boomerang.pe\/museo\/historias\/colegio-de-los-sagrados-corazones-belen\/","title":{"rendered":"Colegio de los Sagrados Corazones Bel\u00e9n"},"content":{"rendered":"\n<p>Las Religiosas del Sagrado Coraz\u00f3n fueron la primera congregaci\u00f3n docente extranjera en llegar al Per\u00fa durante la \u00e9poca republicana. Fundada en 1797 en Francia por Enriqueta Aimer de la Chevalerie, la congregaci\u00f3n tiene una profunda conexi\u00f3n con los jesuitas. Esto se debe a que el director espiritual de Santa Margarita Mar\u00eda de Alacoque, a quien las religiosas tienen una gran devoci\u00f3n, era jesuita. En 1835, las misioneras comenzaron a establecerse en Latinoam\u00e9rica. Tres a\u00f1os despu\u00e9s, en 1838, un grupo de hermanas lleg\u00f3 a Valpara\u00edso, Chile, donde fundaron dos instituciones: una pensi\u00f3n para se\u00f1oritas de clase alta y una escuela gratuita para las hijas de obreros.<\/p>\n\n\n\n<p>Ese mismo a\u00f1o, el arzobispo de Lima, Francisco de Sales Arrieta, invit\u00f3 a las religiosas al Per\u00fa, sin embargo, su llegada se vio frustrada por la guerra de la Confederaci\u00f3n Peruano-Boliviana. Aunque intentaron llegar a Bolivia por otra invitaci\u00f3n de su presidente Jos\u00e9 Ballivi\u00e1n, el puerto boliviano fue destruido durante el conflicto. Este obst\u00e1culo no detuvo a las francesas Cleonisa Du Dormier, Sylvine Blanchard y Ludger Tourville, que decidieron desembarcar en el puerto del Callao y asentarse en el Per\u00fa.<\/p>\n\n\n\n<p>Con la fuerte conexi\u00f3n jesuita, las hermanas necesitaron la protecci\u00f3n del Ministerio de Relaciones Exteriores y del arzobispo Luna Pizarro. M\u00e1s tarde, el presidente Ram\u00f3n Castilla, impresionado por el trabajo realizado por las hermanas en Chile, las invit\u00f3 a establecer un proyecto educativo en Per\u00fa. De este modo, se les encomend\u00f3 la gesti\u00f3n del Colegio del Esp\u00edritu Santo, subvencionado por el gobierno.<\/p>\n\n\n\n<p>En marzo de 1849, inauguraron dos centros educativos femeninos en Lima: una escuela gratuita y un pensionado para se\u00f1oritas. Debido al creciente n\u00famero de estudiantes, las religiosas se trasladaron al antiguo convento de los mercedarios, Nuestra Se\u00f1ora de Bel\u00e9n. Bartolom\u00e9 Herrera facilit\u00f3 que las hermanas adquirieran el local del ex hospital del Esp\u00edritu Santo y, en 1852, intercedi\u00f3 para que el gobierno vendiera a la congregaci\u00f3n el local de Bel\u00e9n a un precio accesible.<\/p>\n\n\n\n<figure class=\"wp-block-image size-full\"><img loading=\"lazy\" decoding=\"async\" width=\"541\" height=\"372\" src=\"http:\/\/test.boomerang.pe\/museo\/wp-content\/uploads\/2024\/09\/29-2.jpg\" alt=\"\" class=\"wp-image-907\" srcset=\"http:\/\/test.boomerang.pe\/museo\/wp-content\/uploads\/2024\/09\/29-2.jpg 541w, http:\/\/test.boomerang.pe\/museo\/wp-content\/uploads\/2024\/09\/29-2-300x206.jpg 300w\" sizes=\"auto, (max-width: 541px) 100vw, 541px\" \/><figcaption class=\"wp-element-caption\"><a href=\"https:\/\/antiguocolegiobelen.blogspot.com\/2014\/01\/fachada-del-colegio-en-la-calle-juan.html\">Fotograf\u00eda del Pensionado de los Sagrados Corazones Bel\u00e9n. Sin fecha.<\/a><br><\/figcaption><\/figure>\n\n\n\n<p>Con la llegada de m\u00e1s religiosas desde Chile y Francia, el colegio gan\u00f3 popularidad por su ense\u00f1anza de alta calidad a j\u00f3venes distinguidas de la sociedad lime\u00f1a. La atracci\u00f3n del colegio resid\u00eda en su inmersi\u00f3n en la cultura francesa, s\u00edmbolo de cultura y humanismo. Seg\u00fan Jorge Basadre, el colegio se convirti\u00f3 en un referente de la instrucci\u00f3n femenina por su funcionamiento continuo y su estabilidad a pesar de las turbulencias pol\u00edticas.<br><\/p>\n\n\n\n<figure class=\"wp-block-image size-full is-resized\"><img loading=\"lazy\" decoding=\"async\" width=\"320\" height=\"217\" src=\"http:\/\/test.boomerang.pe\/museo\/wp-content\/uploads\/2024\/09\/29-3.jpg\" alt=\"\" class=\"wp-image-908\" style=\"width:600px\" srcset=\"http:\/\/test.boomerang.pe\/museo\/wp-content\/uploads\/2024\/09\/29-3.jpg 320w, http:\/\/test.boomerang.pe\/museo\/wp-content\/uploads\/2024\/09\/29-3-300x203.jpg 300w\" sizes=\"auto, (max-width: 320px) 100vw, 320px\" \/><figcaption class=\"wp-element-caption\"><a href=\"https:\/\/limasetentas.blogspot.com\/2010\/10\/antiguo-local-del-colegio-belen.html\">Fotograf\u00eda de alumnas del colegio Bel\u00e9n, 1961.<\/a> <\/figcaption><\/figure>\n\n\n\n<p>Durante la Guerra del Pac\u00edfico, la hermana Hermasie Paget solicit\u00f3 al comandante general de la escuadra francesa del Pac\u00edfico, Bergasse du Petit Thouars, la protecci\u00f3n de Lima ante la invasi\u00f3n chilena. Tambi\u00e9n facilit\u00f3 que m\u00e1s de 300 familias en peligro se alojaran en el colegio.<\/p>\n\n\n\n<p>En 1948, para conmemorar los 100 a\u00f1os del colegio, el presidente Bustamante y Rivero, junto a su esposa Mar\u00eda Jes\u00fas, exalumna del colegio de la sede de Arequipa, participaron en la celebraci\u00f3n. En 1962, el colegio se traslad\u00f3 a un nuevo local en San Isidro.&nbsp;<\/p>\n\n\n\n<figure class=\"wp-block-image size-large\"><img loading=\"lazy\" decoding=\"async\" width=\"1024\" height=\"758\" src=\"http:\/\/test.boomerang.pe\/museo\/wp-content\/uploads\/2024\/09\/29-4-1024x758.jpg\" alt=\"\" class=\"wp-image-909\" srcset=\"http:\/\/test.boomerang.pe\/museo\/wp-content\/uploads\/2024\/09\/29-4-1024x758.jpg 1024w, http:\/\/test.boomerang.pe\/museo\/wp-content\/uploads\/2024\/09\/29-4-300x222.jpg 300w, http:\/\/test.boomerang.pe\/museo\/wp-content\/uploads\/2024\/09\/29-4-768x569.jpg 768w, http:\/\/test.boomerang.pe\/museo\/wp-content\/uploads\/2024\/09\/29-4-1536x1137.jpg 1536w, http:\/\/test.boomerang.pe\/museo\/wp-content\/uploads\/2024\/09\/29-4.jpg 1891w\" sizes=\"auto, (max-width: 1024px) 100vw, 1024px\" \/><figcaption class=\"wp-element-caption\"><a href=\"https:\/\/galeria-arquitectura.pucp.edu.pe\/exposicion\/paul-lider\/colegio-de-los-sagrados-corazones-de-belen\/\">Vista del frente oeste del edificio administrativo. Detr\u00e1s se aprecia la iglesia. 1965.<\/a> <\/figcaption><\/figure>\n\n\n\n<p>Entre 1982 y 1991, el colegio fue dirigido por las Hermanas Dominicas de la Inmaculada Concepci\u00f3n, pero luego volvi\u00f3 a manos de las Religiosas del Sagrado Coraz\u00f3n. En 2008, el colegio implement\u00f3 un plan global de los Sagrados Corazones, transform\u00e1ndose en una instituci\u00f3n con un enfoque pastoral en sus cuatro colegios en el Per\u00fa.  <\/p>\n\n\n\n<h2 class=\"wp-block-heading\">Fuentes: <\/h2>\n\n\n\n<ul class=\"wp-block-list\">\n<li>Card\u00f3, A. (2005). <em>La Iglesia y la educaci\u00f3n en el Per\u00fa<\/em>. Universidad Cat\u00f3lica San Pablo.<\/li>\n\n\n\n<li>Kleiber, J. (2017). <em>Historia contempor\u00e1nea de la Iglesia Cat\u00f3lica en el Per\u00fa.<\/em> Fondo Editorial de la PUCP.<\/li>\n\n\n\n<li>Morelli, M. (2019). Colegio de los Sagrados Corazones de Bel\u00e9nSan Isidro, Lima. 1961-1965. En J.Medina Warmburg (ed.), <em>Paul Linder, 1897-1968. De Weimar a Lima. Antolog\u00eda de arquitectura y cr\u00edtica<\/em> (pp. 238-249). Pontificia Universidad Cat\u00f3lica del Per\u00fa.<\/li>\n<\/ul>\n\n\n\n<p>Sitio Web: <a href=\"https:\/\/www.colegiodelossagradoscorazonesbelen.com\/\">https:\/\/www.colegiodelossagradoscorazonesbelen.com\/<\/a><\/p>\n","protected":false},"excerpt":{"rendered":"<p>Las Religiosas del Sagrado Coraz\u00f3n fueron la primera congregaci\u00f3n docente extranjera en llegar al Per\u00fa durante la \u00e9poca republicana. Fundada en 1797 en Francia por Enriqueta Aimer de la Chevalerie, la congregaci\u00f3n tiene una profunda conexi\u00f3n con los jesuitas. Esto se debe a que el director espiritual de Santa Margarita Mar\u00eda de Alacoque, a quien[&#8230;]<\/p>\n","protected":false},"featured_media":988,"template":"","class_list":["post-905","historias","type-historias","status-publish","has-post-thumbnail","hentry"],"_links":{"self":[{"href":"http:\/\/test.boomerang.pe\/museo\/wp-json\/wp\/v2\/historias\/905","targetHints":{"allow":["GET"]}}],"collection":[{"href":"http:\/\/test.boomerang.pe\/museo\/wp-json\/wp\/v2\/historias"}],"about":[{"href":"http:\/\/test.boomerang.pe\/museo\/wp-json\/wp\/v2\/types\/historias"}],"wp:featuredmedia":[{"embeddable":true,"href":"http:\/\/test.boomerang.pe\/museo\/wp-json\/wp\/v2\/media\/988"}],"wp:attachment":[{"href":"http:\/\/test.boomerang.pe\/museo\/wp-json\/wp\/v2\/media?parent=905"}],"curies":[{"name":"wp","href":"https:\/\/api.w.org\/{rel}","templated":true}]}}