{"id":916,"date":"2024-09-06T15:28:17","date_gmt":"2024-09-06T15:28:17","guid":{"rendered":"http:\/\/test.boomerang.pe\/museo\/?post_type=historias&#038;p=916"},"modified":"2024-09-06T17:33:27","modified_gmt":"2024-09-06T17:33:27","slug":"colegio-presentacion-de-maria","status":"publish","type":"historias","link":"http:\/\/test.boomerang.pe\/museo\/historias\/colegio-presentacion-de-maria\/","title":{"rendered":"Colegio Presentaci\u00f3n de Mar\u00eda"},"content":{"rendered":"\n<p>La Congregaci\u00f3n Presentaci\u00f3n de Mar\u00eda, fundada en Francia el 21 de noviembre de 1796, lleg\u00f3 al Per\u00fa en 1963 en un contexto de intensa urbanizaci\u00f3n lime\u00f1a y migraci\u00f3n masiva del campo a la ciudad. Fue el padre Lino Grenier, perteneciente a los Oblatos de Mar\u00eda Inmaculada, quien estableci\u00f3 contacto con las religiosas mientras resid\u00eda en Bolivia. Finalmente, en 1961, el padre Grenier logra trasladarse a Per\u00fa junto con cinco voluntarias laicas bolivianas y es asignado a la parroquia Se\u00f1or de los Milagros, ubicada en la actual Avenida T\u00fapac Amaru en Comas, siendo esta la segunda parroquia creada en el distrito. <\/p>\n\n\n\n<p>El padre Grenier, al observar las necesidades de la poblaci\u00f3n, viaj\u00f3 a Canad\u00e1 en 1962 para obtener financiamiento de comunidades religiosas y logr\u00f3 el apoyo de las Hermanas Dominicas Misioneras Adoratrices y las Hermanas de la Caridad de Quebec para edificar una instituci\u00f3n educativa en beneficio de las ni\u00f1as y j\u00f3venes de la zona.<\/p>\n\n\n\n<p>Sumada a la colaboraci\u00f3n de Clorinda M\u00e1laga, esposa del presidente Manuel Prado, se pudo traer a la primera delegaci\u00f3n de religiosas de la Congregaci\u00f3n Canadiense Presentaci\u00f3n de Mar\u00eda en 1962 quienes se comprometieron con el proyecto educativo. Las hermanas, junto con la futura directora del plantel, Santa Beatriz Mar\u00eda, recibieron finalmente la entrega de un terreno por parte del Ministerio de Hacienda en 1963.<\/p>\n\n\n\n<p>Posteriormente, gestionaron la adquisici\u00f3n de un lote de 606 metros cuadrados del Banco de Cr\u00e9dito y edificaron el colegio en los l\u00edmites de la urbanizaci\u00f3n Carabayllo y Huaquillay. En enero de 1964, se coordin\u00f3 la adscripci\u00f3n del centro al departamento de escuelas industriales. Inicialmente, el colegio se denomin\u00f3 Instituto Familiar Industrial Presentaci\u00f3n de Mar\u00eda N.\u00ba 41 e inici\u00f3 clases en abril de 1964 con 84 alumnas de 12 a 19 a\u00f1os. Los cursos impartidos en el colegio inclu\u00edan lengua espa\u00f1ola, historia universal, matem\u00e1ticas, historia del Per\u00fa, dibujo, geograf\u00eda, educaci\u00f3n f\u00edsica, costura, catequesis, m\u00fasica e ingl\u00e9s. Todas las maestras eran mujeres y pronto algunas se convertir\u00edan en directoras.<\/p>\n\n\n\n<p>Las alumnas no solo proven\u00edan de zonas aleda\u00f1as sino que tambi\u00e9n llegaban de zonas como Progreso, A\u00f1o Nuevo y El Carmen, y al inicio contaban con movilidad gratuita. Las hermanas fueron muy comprensibles con la situaci\u00f3n de los padres migrantes y trataban de ayudarlos con aspectos como las cuotas acad\u00e9micas o la documentaci\u00f3n. Las familias, a trav\u00e9s de la APAFA, tambi\u00e9n buscaron apoyar al colegio. En los a\u00f1os posteriores, el colegio recibi\u00f3 donaciones significativas, como la del Ministerio de Educaci\u00f3n, que entreg\u00f3 un laboratorio en 1973, y un grupo electr\u00f3geno para los constantes cortes de electricidad de la \u00e9poca.&nbsp;<\/p>\n\n\n\n<figure class=\"wp-block-image size-large\"><img loading=\"lazy\" decoding=\"async\" width=\"1024\" height=\"779\" src=\"http:\/\/test.boomerang.pe\/museo\/wp-content\/uploads\/2024\/09\/32-2-1024x779.jpg\" alt=\"\" class=\"wp-image-917\" srcset=\"http:\/\/test.boomerang.pe\/museo\/wp-content\/uploads\/2024\/09\/32-2-1024x779.jpg 1024w, http:\/\/test.boomerang.pe\/museo\/wp-content\/uploads\/2024\/09\/32-2-300x228.jpg 300w, http:\/\/test.boomerang.pe\/museo\/wp-content\/uploads\/2024\/09\/32-2-768x584.jpg 768w, http:\/\/test.boomerang.pe\/museo\/wp-content\/uploads\/2024\/09\/32-2-1536x1168.jpg 1536w, http:\/\/test.boomerang.pe\/museo\/wp-content\/uploads\/2024\/09\/32-2.jpg 1752w\" sizes=\"auto, (max-width: 1024px) 100vw, 1024px\" \/><figcaption class=\"wp-element-caption\"><a href=\"https:\/\/www.facebook.com\/photo\/?fbid=595648120530750&amp;set=a.595647590530803&amp;locale=es_LA\">Fotograf\u00eda de alumnas de la promoci\u00f3n de 1974. Portal de Facebook del Colegio Presentaci\u00f3n de Mar\u00eda.&nbsp;<\/a><\/figcaption><\/figure>\n\n\n\n<p>En 1975, el colegio se renombr\u00f3 como Centro Educativo Presentaci\u00f3n de Mar\u00eda N.\u00ba 41, y en 1983, la madre Beatriz dej\u00f3 sus funciones, entregando la direcci\u00f3n del colegio a la madre Mar\u00eda Luz Lacosta. Luego de 22 a\u00f1os, se design\u00f3 a la primera directora laica: la profesora y catequista Milagros Pel\u00e1ez.<\/p>\n\n\n\n<p>El colegio contin\u00faa funcionando con el objetivo de formar t\u00e9cnicamente a las j\u00f3venes de Comas, permiti\u00e9ndoles desarrollarse m\u00e1s all\u00e1 de la educaci\u00f3n tradicional y asegurando empleos propios o facilitando su inserci\u00f3n en el competitivo mercado laboral. Actualmente el plantel funciona en dos turnos y cuenta con 1352 estudiantes y 130 trabajadores. Se capacita a las alumnas en especialidades como industria textil y del vestido, industria alimentaria, serigraf\u00eda y encuadernaci\u00f3n, jugueter\u00eda y manualidades. Tambi\u00e9n cuenta con un CETPRO llamado Presentaci\u00f3n de Mar\u00eda para capacitar a mujeres de Lima Norte. <\/p>\n\n\n\n<h2 class=\"wp-block-heading\">Fuentes: <\/h2>\n\n\n\n<ul class=\"wp-block-list\">\n<li><a href=\"http:\/\/hdl.handle.net\/20.500.12404\/14537\">Ramos, R. (2018). An\u00e1lisis de diarios impresos y digitales para problematizar asuntos p\u00fablicos, desarrollar pensamiento cr\u00edtico y tomar decisiones. [Tesis de bachiller en Educaci\u00f3n]. Pontificia Universidad Cat\u00f3lica del Per\u00fa.<\/a>&nbsp;<\/li>\n\n\n\n<li>Tacunan, S. (2018). <em>Iglesia y educaci\u00f3n. La historia de los colegios Presentaci\u00f3n de Mar\u00eda y Jes\u00fas Obrero de Comas<\/em>. Fondo Editorial de la Universidad Cat\u00f3lica Sedes Sapientiae. <\/li>\n<\/ul>\n","protected":false},"excerpt":{"rendered":"<p>La Congregaci\u00f3n Presentaci\u00f3n de Mar\u00eda, fundada en Francia el 21 de noviembre de 1796, lleg\u00f3 al Per\u00fa en 1963 en un contexto de intensa urbanizaci\u00f3n lime\u00f1a y migraci\u00f3n masiva del campo a la ciudad. Fue el padre Lino Grenier, perteneciente a los Oblatos de Mar\u00eda Inmaculada, quien estableci\u00f3 contacto con las religiosas mientras resid\u00eda en[&#8230;]<\/p>\n","protected":false},"featured_media":993,"template":"","class_list":["post-916","historias","type-historias","status-publish","has-post-thumbnail","hentry"],"_links":{"self":[{"href":"http:\/\/test.boomerang.pe\/museo\/wp-json\/wp\/v2\/historias\/916","targetHints":{"allow":["GET"]}}],"collection":[{"href":"http:\/\/test.boomerang.pe\/museo\/wp-json\/wp\/v2\/historias"}],"about":[{"href":"http:\/\/test.boomerang.pe\/museo\/wp-json\/wp\/v2\/types\/historias"}],"wp:featuredmedia":[{"embeddable":true,"href":"http:\/\/test.boomerang.pe\/museo\/wp-json\/wp\/v2\/media\/993"}],"wp:attachment":[{"href":"http:\/\/test.boomerang.pe\/museo\/wp-json\/wp\/v2\/media?parent=916"}],"curies":[{"name":"wp","href":"https:\/\/api.w.org\/{rel}","templated":true}]}}